{"id":23728,"date":"2019-04-20T14:55:44","date_gmt":"2019-04-20T14:55:44","guid":{"rendered":"https:\/\/deutschcolor.com\/al\/?post_type=product&#038;p=23728"},"modified":"2025-02-19T13:54:49","modified_gmt":"2025-02-19T13:54:49","slug":"vox-707","status":"publish","type":"product","link":"https:\/\/deutschcolor.com\/al\/product\/vox-707\/","title":{"rendered":"Vox 707"},"content":{"rendered":"<p><strong>Karakteristikat e produktit<\/strong><br \/>\n\u2022 Nuk krijon \u00e7arje<br \/>\n\u2022 Pa tkurrje<br \/>\n\u2022 Ngjitje e fort\u00eb<br \/>\n\u2022 Ngjyr\u00eb e bardh\u00eb<br \/>\n\u2022 Sip\u00ebrfaqe finale e l\u00ebmuar<br \/>\n\u2022 Aplikim dhe zmerilim i leht\u00eb<\/p>\n<p><strong>Rekomandimet p\u00ebr p\u00ebrdorim<\/strong><br \/>\nP\u00ebrdoret p\u00ebr l\u00ebmimin e mureve n\u00eb t\u00eb gjith\u00eb ambientet e brendshme t\u00eb banimit, ku duam t\u00eb krijojm\u00eb sip\u00ebrfaqe t\u00eb l\u00ebmuar dhe t\u00eb drejt\u00eb, t\u00eb sip\u00ebrfaqeve murale t\u00eb brendshme, t\u00eb sip\u00ebrfaqeve t\u00eb tavanit, betonit, t\u00eb sip\u00ebrfaqeve t\u00eb dhomave, kuzhinave, tualeteve, etj.<\/p>\n<p>###<\/p>\n<p><strong>Ruajtja<\/strong><br \/>\n12 muaj n\u00ebse ruhet n\u00eb nj\u00eb vend t\u00eb that\u00eb, larg burimeve t\u00eb nxeht\u00ebsis\u00eb, n\u00eb nj\u00eb temperatur\u00eb midis +5\u00b0C dhe +30\u00b0C. Mbrojeni nga ngrica.<\/p>\n<p><strong>Sh\u00ebnime<\/strong><br \/>\n\u2022 N\u00eb sip\u00ebrfaqet e fresk\u00ebta t\u00eb betonit produkti rekomandohet t\u00eb aplikohet t\u00eb pakt\u00ebn pas 30-40 dit\u00ebsh.<br \/>\n\u2022 Rekomandohet t\u00eb shmangni aplikimin e produktit n\u00eb temperatura n\u00ebn 5\u00baC.<\/p>\n","protected":false},"excerpt":{"rendered":"<p>Stuko patinimi e gatshme me baz\u00eb akrilike, e p\u00ebrb\u00ebr\u00eb nga filler me granulometri t\u00eb seleksioniuar dhe adetiv\u00eb special\u00eb p\u00ebr p\u00ebrdorim t\u00eb brendsh\u00ebm<\/p>\n","protected":false},"featured_media":24408,"comment_status":"closed","ping_status":"closed","template":"","meta":{"_glsr_average":0,"_glsr_ranking":0,"_glsr_reviews":0},"class_list":["post-23728","product","type-product","status-publish","has-post-thumbnail","hentry","product_cat-veshje-dekorative","product_cat-veshje-dekorative-veshje-dekorative"],"yoast_head":"<!-- This site is optimized with the Yoast SEO plugin v15.0 - https:\/\/yoast.com\/wordpress\/plugins\/seo\/ -->\n<title>Vox 707 - Stuko n\u00eb zona t\u00eb brendshme - Deutschcolor<\/title>\n<meta name=\"description\" content=\"Stuko n\u00eb zona t\u00eb brendshme me baz\u00eb uji akrilik-silikon, gati p\u00ebr p\u00ebrdorim, e p\u00ebrshtatshme p\u00ebr stukim veshjeje n\u00eb zona t\u00eb brendshme.\" \/>\n<meta name=\"robots\" content=\"index, follow, max-snippet:-1, max-image-preview:large, max-video-preview:-1\" \/>\n<link rel=\"canonical\" href=\"https:\/\/deutschcolor.com\/al\/product\/vox-707\/\" \/>\n<meta property=\"og:locale\" content=\"en_US\" \/>\n<meta property=\"og:type\" content=\"article\" \/>\n<meta property=\"og:title\" content=\"Vox 707 - Stuko n\u00eb zona t\u00eb brendshme - Deutschcolor\" \/>\n<meta property=\"og:description\" content=\"Stuko n\u00eb zona t\u00eb brendshme me baz\u00eb uji akrilik-silikon, gati p\u00ebr p\u00ebrdorim, e p\u00ebrshtatshme p\u00ebr stukim veshjeje n\u00eb zona t\u00eb brendshme.\" \/>\n<meta property=\"og:url\" content=\"https:\/\/deutschcolor.com\/al\/product\/vox-707\/\" \/>\n<meta property=\"og:site_name\" content=\"Deutschcolor\" \/>\n<meta property=\"article:publisher\" content=\"https:\/\/www.facebook.com\/deutschcolorofficial\" \/>\n<meta property=\"article:modified_time\" content=\"2025-02-19T13:54:49+00:00\" \/>\n<meta property=\"og:image\" content=\"https:\/\/deutschcolor.com\/al\/wp-content\/uploads\/2019\/04\/VOX-707-min.png\" \/>\n\t<meta property=\"og:image:width\" content=\"1000\" \/>\n\t<meta property=\"og:image:height\" content=\"1000\" \/>\n<meta name=\"twitter:card\" content=\"summary_large_image\" \/>\n<script type=\"application\/ld+json\" class=\"yoast-schema-graph\">{\"@context\":\"https:\/\/schema.org\",\"@graph\":[{\"@type\":\"WebSite\",\"@id\":\"https:\/\/deutschcolor.com\/al\/#website\",\"url\":\"https:\/\/deutschcolor.com\/al\/\",\"name\":\"Deutschcolor\",\"description\":\"Deutschcolor Albania\",\"potentialAction\":[{\"@type\":\"SearchAction\",\"target\":\"https:\/\/deutschcolor.com\/al\/?s={search_term_string}\",\"query-input\":\"required name=search_term_string\"}],\"inLanguage\":\"en-US\"},{\"@type\":\"ImageObject\",\"@id\":\"https:\/\/deutschcolor.com\/al\/product\/vox-707\/#primaryimage\",\"inLanguage\":\"en-US\",\"url\":\"https:\/\/deutschcolor.com\/al\/wp-content\/uploads\/2019\/04\/VOX-707-min.png\",\"width\":1000,\"height\":1000},{\"@type\":\"WebPage\",\"@id\":\"https:\/\/deutschcolor.com\/al\/product\/vox-707\/#webpage\",\"url\":\"https:\/\/deutschcolor.com\/al\/product\/vox-707\/\",\"name\":\"Vox 707 - Stuko n\\u00eb zona t\\u00eb brendshme - Deutschcolor\",\"isPartOf\":{\"@id\":\"https:\/\/deutschcolor.com\/al\/#website\"},\"primaryImageOfPage\":{\"@id\":\"https:\/\/deutschcolor.com\/al\/product\/vox-707\/#primaryimage\"},\"datePublished\":\"2019-04-20T14:55:44+00:00\",\"dateModified\":\"2025-02-19T13:54:49+00:00\",\"description\":\"Stuko n\\u00eb zona t\\u00eb brendshme me baz\\u00eb uji akrilik-silikon, gati p\\u00ebr p\\u00ebrdorim, e p\\u00ebrshtatshme p\\u00ebr stukim veshjeje n\\u00eb zona t\\u00eb brendshme.\",\"breadcrumb\":{\"@id\":\"https:\/\/deutschcolor.com\/al\/product\/vox-707\/#breadcrumb\"},\"inLanguage\":\"en-US\",\"potentialAction\":[{\"@type\":\"ReadAction\",\"target\":[\"https:\/\/deutschcolor.com\/al\/product\/vox-707\/\"]}]},{\"@type\":\"BreadcrumbList\",\"@id\":\"https:\/\/deutschcolor.com\/al\/product\/vox-707\/#breadcrumb\",\"itemListElement\":[{\"@type\":\"ListItem\",\"position\":1,\"item\":{\"@type\":\"WebPage\",\"@id\":\"https:\/\/deutschcolor.com\/al\/\",\"url\":\"https:\/\/deutschcolor.com\/al\/\",\"name\":\"Home\"}},{\"@type\":\"ListItem\",\"position\":2,\"item\":{\"@type\":\"WebPage\",\"@id\":\"https:\/\/deutschcolor.com\/al\/shop\/\",\"url\":\"https:\/\/deutschcolor.com\/al\/shop\/\",\"name\":\"SHOP\"}},{\"@type\":\"ListItem\",\"position\":3,\"item\":{\"@type\":\"WebPage\",\"@id\":\"https:\/\/deutschcolor.com\/al\/product-category\/veshje-dekorative\/\",\"url\":\"https:\/\/deutschcolor.com\/al\/product-category\/veshje-dekorative\/\",\"name\":\"Veshje Dekorative\"}},{\"@type\":\"ListItem\",\"position\":4,\"item\":{\"@type\":\"WebPage\",\"@id\":\"https:\/\/deutschcolor.com\/al\/product-category\/veshje-dekorative\/veshje-dekorative-veshje-dekorative\/\",\"url\":\"https:\/\/deutschcolor.com\/al\/product-category\/veshje-dekorative\/veshje-dekorative-veshje-dekorative\/\",\"name\":\"7.1. Veshje dekorative\"}},{\"@type\":\"ListItem\",\"position\":5,\"item\":{\"@type\":\"WebPage\",\"@id\":\"https:\/\/deutschcolor.com\/al\/product\/vox-707\/\",\"url\":\"https:\/\/deutschcolor.com\/al\/product\/vox-707\/\",\"name\":\"Vox 707\"}}]}]}<\/script>\n<!-- \/ Yoast SEO plugin. -->","_links":{"self":[{"href":"https:\/\/deutschcolor.com\/al\/wp-json\/wp\/v2\/product\/23728","targetHints":{"allow":["GET"]}}],"collection":[{"href":"https:\/\/deutschcolor.com\/al\/wp-json\/wp\/v2\/product"}],"about":[{"href":"https:\/\/deutschcolor.com\/al\/wp-json\/wp\/v2\/types\/product"}],"replies":[{"embeddable":true,"href":"https:\/\/deutschcolor.com\/al\/wp-json\/wp\/v2\/comments?post=23728"}],"wp:featuredmedia":[{"embeddable":true,"href":"https:\/\/deutschcolor.com\/al\/wp-json\/wp\/v2\/media\/24408"}],"wp:attachment":[{"href":"https:\/\/deutschcolor.com\/al\/wp-json\/wp\/v2\/media?parent=23728"}],"curies":[{"name":"wp","href":"https:\/\/api.w.org\/{rel}","templated":true}]}}