{"id":23901,"date":"2019-04-20T21:25:57","date_gmt":"2019-04-20T21:25:57","guid":{"rendered":"https:\/\/deutschcolor.com\/al\/?post_type=product&#038;p=23901"},"modified":"2025-02-19T10:50:47","modified_gmt":"2025-02-19T10:50:47","slug":"boden-grund-sol","status":"publish","type":"product","link":"https:\/\/deutschcolor.com\/al\/product\/boden-grund-sol\/","title":{"rendered":"Boden Grund Sol"},"content":{"rendered":"<p><strong>Karakteristikat e produktit<\/strong><br \/>\n\u2022 Dep\u00ebrtim i lart\u00eb<br \/>\n\u2022 Ngjitje e shk\u00eblqyer<br \/>\n\u2022 P\u00ebrforcim i sip\u00ebrfaqes<br \/>\n\u2022 Rezistenc\u00eb e lart\u00eb kimike<br \/>\n\u2022 Rezistenc\u00eb e lart\u00eb ndaj g\u00ebrryerjes<\/p>\n<p><strong>Rekomandimet p\u00ebr p\u00ebrdorim<\/strong><br \/>\nP\u00ebrdoret n\u00eb t\u00eb gjitha dyshemet\u00eb e brendshme dhe t\u00eb jashtme, ku duam t\u00eb krijojm\u00eb ambiente me rezistenc\u00eb t\u00eb lart\u00eb kimike dhe mekanike, pas vendosjes s\u00eb shtres\u00ebs s\u00eb betonit dhe para aplikimit t\u00eb boj\u00ebs epokside si dhe p\u00ebr lyerjen dhe mbrojtjen e sip\u00ebrfaqeve t\u00eb betonit ku kemi aktivitet t\u00eb lart\u00eb mekanik si edhe agresion kimik para se t\u00eb trajtohet me boj\u00ebn epokside, t\u00eb tilla si oficina, spitale, ambiente industriale, pompa karburanti, depo farmaceutike, etj, para se t\u00eb b\u00ebhet trajtimi final me boj\u00ebn epokside.<\/p>\n<p>###<\/p>\n<p><strong>Ruajtja<\/strong><br \/>\n36 muaj n\u00ebse ruhet n\u00eb nj\u00eb vend t\u00eb that\u00eb, larg burimeve t\u00eb nxeht\u00ebsis\u00eb, n\u00eb nj\u00eb temperatur\u00eb midis +5\u00b0C dhe +30\u00b0C. Mbrojeni nga ngrica.<\/p>\n<p><strong>Sh\u00ebnime<\/strong><br \/>\n\u2022 N\u00eb sip\u00ebrfaqe t\u00eb betonit t\u00eb fresk\u00ebt produkti rekomandohet t\u00eb aplikohet t\u00eb pakt\u00ebn pas 30-40 dit\u00ebsh.<br \/>\n\u2022 Rekomandohet t\u00eb shmangni aplikimin e produktit n\u00eb temperatura n\u00ebn 5\u00baC.<\/p>\n","protected":false},"excerpt":{"rendered":"<p>Astar epoksid dy komponent\u00ebsh me baz\u00eb solventi q\u00eb sh\u00ebrben p\u00ebr dysheme industriale<\/p>\n","protected":false},"featured_media":24450,"comment_status":"closed","ping_status":"closed","template":"","meta":{"_glsr_average":0,"_glsr_ranking":0,"_glsr_reviews":0},"class_list":["post-23901","product","type-product","status-publish","has-post-thumbnail","hentry","product_cat-dysheme-dokorative-sportive-dhe-industriale","product_cat-astare-me-baze-epokside"],"yoast_head":"<!-- This site is optimized with the Yoast SEO plugin v15.0 - https:\/\/yoast.com\/wordpress\/plugins\/seo\/ -->\n<title>Boden Grund Sol - Deutschcolor<\/title>\n<meta name=\"description\" content=\"BODEN GRUND \u00ebsht\u00eb nj\u00eb prajmer epoksid me dy komponente me baz\u00eb solventi para aplikimit t\u00eb OCEAN BLUE dhe BODEN FARBE.\" \/>\n<meta name=\"robots\" content=\"index, follow, max-snippet:-1, max-image-preview:large, max-video-preview:-1\" \/>\n<link rel=\"canonical\" href=\"https:\/\/deutschcolor.com\/al\/product\/boden-grund-sol\/\" \/>\n<meta property=\"og:locale\" content=\"en_US\" \/>\n<meta property=\"og:type\" content=\"article\" \/>\n<meta property=\"og:title\" content=\"Boden Grund Sol - Deutschcolor\" \/>\n<meta property=\"og:description\" content=\"BODEN GRUND \u00ebsht\u00eb nj\u00eb prajmer epoksid me dy komponente me baz\u00eb solventi para aplikimit t\u00eb OCEAN BLUE dhe BODEN FARBE.\" \/>\n<meta property=\"og:url\" content=\"https:\/\/deutschcolor.com\/al\/product\/boden-grund-sol\/\" \/>\n<meta property=\"og:site_name\" content=\"Deutschcolor\" \/>\n<meta property=\"article:publisher\" content=\"https:\/\/www.facebook.com\/deutschcolorofficial\" \/>\n<meta property=\"article:modified_time\" content=\"2025-02-19T10:50:47+00:00\" \/>\n<meta property=\"og:image\" content=\"https:\/\/deutschcolor.com\/al\/wp-content\/uploads\/2019\/04\/Boden-Grund-Sol-3lt-min.png\" \/>\n\t<meta property=\"og:image:width\" content=\"1000\" \/>\n\t<meta property=\"og:image:height\" content=\"1000\" \/>\n<meta name=\"twitter:card\" content=\"summary_large_image\" \/>\n<script type=\"application\/ld+json\" class=\"yoast-schema-graph\">{\"@context\":\"https:\/\/schema.org\",\"@graph\":[{\"@type\":\"WebSite\",\"@id\":\"https:\/\/deutschcolor.com\/al\/#website\",\"url\":\"https:\/\/deutschcolor.com\/al\/\",\"name\":\"Deutschcolor\",\"description\":\"Deutschcolor Albania\",\"potentialAction\":[{\"@type\":\"SearchAction\",\"target\":\"https:\/\/deutschcolor.com\/al\/?s={search_term_string}\",\"query-input\":\"required name=search_term_string\"}],\"inLanguage\":\"en-US\"},{\"@type\":\"ImageObject\",\"@id\":\"https:\/\/deutschcolor.com\/al\/product\/boden-grund-sol\/#primaryimage\",\"inLanguage\":\"en-US\",\"url\":\"https:\/\/deutschcolor.com\/al\/wp-content\/uploads\/2019\/04\/Boden-Grund-Sol-3lt-min.png\",\"width\":1000,\"height\":1000},{\"@type\":\"WebPage\",\"@id\":\"https:\/\/deutschcolor.com\/al\/product\/boden-grund-sol\/#webpage\",\"url\":\"https:\/\/deutschcolor.com\/al\/product\/boden-grund-sol\/\",\"name\":\"Boden Grund Sol - Deutschcolor\",\"isPartOf\":{\"@id\":\"https:\/\/deutschcolor.com\/al\/#website\"},\"primaryImageOfPage\":{\"@id\":\"https:\/\/deutschcolor.com\/al\/product\/boden-grund-sol\/#primaryimage\"},\"datePublished\":\"2019-04-20T21:25:57+00:00\",\"dateModified\":\"2025-02-19T10:50:47+00:00\",\"description\":\"BODEN GRUND \\u00ebsht\\u00eb nj\\u00eb prajmer epoksid me dy komponente me baz\\u00eb solventi para aplikimit t\\u00eb OCEAN BLUE dhe BODEN FARBE.\",\"breadcrumb\":{\"@id\":\"https:\/\/deutschcolor.com\/al\/product\/boden-grund-sol\/#breadcrumb\"},\"inLanguage\":\"en-US\",\"potentialAction\":[{\"@type\":\"ReadAction\",\"target\":[\"https:\/\/deutschcolor.com\/al\/product\/boden-grund-sol\/\"]}]},{\"@type\":\"BreadcrumbList\",\"@id\":\"https:\/\/deutschcolor.com\/al\/product\/boden-grund-sol\/#breadcrumb\",\"itemListElement\":[{\"@type\":\"ListItem\",\"position\":1,\"item\":{\"@type\":\"WebPage\",\"@id\":\"https:\/\/deutschcolor.com\/al\/\",\"url\":\"https:\/\/deutschcolor.com\/al\/\",\"name\":\"Home\"}},{\"@type\":\"ListItem\",\"position\":2,\"item\":{\"@type\":\"WebPage\",\"@id\":\"https:\/\/deutschcolor.com\/al\/shop\/\",\"url\":\"https:\/\/deutschcolor.com\/al\/shop\/\",\"name\":\"SHOP\"}},{\"@type\":\"ListItem\",\"position\":3,\"item\":{\"@type\":\"WebPage\",\"@id\":\"https:\/\/deutschcolor.com\/al\/product-category\/dysheme-dokorative-sportive-dhe-industriale\/\",\"url\":\"https:\/\/deutschcolor.com\/al\/product-category\/dysheme-dokorative-sportive-dhe-industriale\/\",\"name\":\"Dysheme dekorative, sportive dhe industriale\"}},{\"@type\":\"ListItem\",\"position\":4,\"item\":{\"@type\":\"WebPage\",\"@id\":\"https:\/\/deutschcolor.com\/al\/product-category\/dysheme-dokorative-sportive-dhe-industriale\/astare-me-baze-epokside\/\",\"url\":\"https:\/\/deutschcolor.com\/al\/product-category\/dysheme-dokorative-sportive-dhe-industriale\/astare-me-baze-epokside\/\",\"name\":\"4.5. Astar\\u00eb me baz\\u00eb epokside\"}},{\"@type\":\"ListItem\",\"position\":5,\"item\":{\"@type\":\"WebPage\",\"@id\":\"https:\/\/deutschcolor.com\/al\/product\/boden-grund-sol\/\",\"url\":\"https:\/\/deutschcolor.com\/al\/product\/boden-grund-sol\/\",\"name\":\"Boden Grund Sol\"}}]}]}<\/script>\n<!-- \/ Yoast SEO plugin. -->","_links":{"self":[{"href":"https:\/\/deutschcolor.com\/al\/wp-json\/wp\/v2\/product\/23901","targetHints":{"allow":["GET"]}}],"collection":[{"href":"https:\/\/deutschcolor.com\/al\/wp-json\/wp\/v2\/product"}],"about":[{"href":"https:\/\/deutschcolor.com\/al\/wp-json\/wp\/v2\/types\/product"}],"replies":[{"embeddable":true,"href":"https:\/\/deutschcolor.com\/al\/wp-json\/wp\/v2\/comments?post=23901"}],"wp:featuredmedia":[{"embeddable":true,"href":"https:\/\/deutschcolor.com\/al\/wp-json\/wp\/v2\/media\/24450"}],"wp:attachment":[{"href":"https:\/\/deutschcolor.com\/al\/wp-json\/wp\/v2\/media?parent=23901"}],"curies":[{"name":"wp","href":"https:\/\/api.w.org\/{rel}","templated":true}]}}