{"id":24067,"date":"2019-04-21T12:26:38","date_gmt":"2019-04-21T12:26:38","guid":{"rendered":"https:\/\/deutschcolor.com\/al\/?post_type=product&#038;p=24067"},"modified":"2025-04-08T09:26:53","modified_gmt":"2025-04-08T09:26:53","slug":"compact-lack-sn-boje-dru","status":"publish","type":"product","link":"https:\/\/deutschcolor.com\/al\/product\/compact-lack-sn-boje-dru\/","title":{"rendered":"Compact Lack SN"},"content":{"rendered":"<h2 style=\"font-size:15px; font-weight:normal;\"><strong>Karakteristikat e produktit<\/strong><\/h2>\n<p>1 Gjendet n\u00eb 8 ngjyra<br \/>\n2 Sip\u00ebrfaqe elastike dhe e fort\u00eb<br \/>\n3 Mbron bukurin\u00eb natyrore t\u00eb drurit<br \/>\n4 Punueshm\u00ebri dhe nivelim i shk\u00eblqyer<br \/>\n5 Ngjitje shum\u00eb e fort\u00eb dhe tharje e shpejt\u00eb<br \/>\n6 Ngjyra t\u00eb q\u00ebndrueshme p\u00ebr nj\u00eb koh\u00eb t\u00eb gjat\u00eb<\/p>\n<h3 style=\"font-size:14px; font-weight:normal;\"><strong>Rekomandimet p\u00ebr p\u00ebrdorim<\/strong><\/h3>\n<p>Boje p\u00ebr dru. Ideale p\u00ebr sip\u00ebrfaqet e drurit si dyert, dritaret kornizat, dollape, traversat dhe trar\u00ebt etj.<\/p>\n<p>###<\/p>\n<p><strong>Ruajtja<\/strong><br \/>\n36 muaj, me kusht q\u00eb kana\u00e7et t\u00eb jen\u00eb t\u00eb mbyllura dhe n\u00eb kushte normale ruajtjeje.<\/p>\n<p><strong>Sh\u00ebnime<\/strong><br \/>\n\u2022 Rekomandohet q\u00eb t\u00eb shmanget aplikimi i produktit n\u00eb temperatura n\u00ebn 5\u00baC<\/p>\n<p>###<\/p>\n<p>P\u00ebr m\u00eb shume Boje p\u00ebr dru <a href=\"https:\/\/deutschcolor.com\/al\/product-category\/produkte-per-dru\/\">kliko ketu<\/a>. Kompani partner <a href=\"https:\/\/deltacorporation.eu\/\">kliko ketu<\/a>.<\/p>\n","protected":false},"excerpt":{"rendered":"<p>Llak transparent dhe me ngjyra p\u00ebr sip\u00ebrfaqet e drurit q\u00eb jep efektin e shk\u00eblqimit p\u00ebr p\u00ebrdorim t\u00eb brendsh\u00ebm<\/p>\n","protected":false},"featured_media":24497,"comment_status":"closed","ping_status":"closed","template":"","meta":{"_glsr_average":0,"_glsr_ranking":0,"_glsr_reviews":0},"class_list":["post-24067","product","type-product","status-publish","has-post-thumbnail","hentry","product_cat-produkte-per-dru","product_cat-bojera-per-dru"],"yoast_head":"<!-- This site is optimized with the Yoast SEO plugin v15.0 - https:\/\/yoast.com\/wordpress\/plugins\/seo\/ -->\n<title>Boje p\u00ebr Dru Compact Lack SN - Deutsch Color - Zgjedhja e produktit ideal<\/title>\n<meta name=\"description\" content=\"Boje p\u00ebr dru, Ideale p\u00ebr sip\u00ebrfaqet e drurit si dyert, dritaret kornizat, dollape, traversat dhe trar\u00ebt etj. Zgjedhja e produktit ideal\" \/>\n<meta name=\"robots\" content=\"index, follow, max-snippet:-1, max-image-preview:large, max-video-preview:-1\" \/>\n<link rel=\"canonical\" href=\"https:\/\/deutschcolor.com\/al\/product\/compact-lack-sn-boje-dru\/\" \/>\n<meta property=\"og:locale\" content=\"en_US\" \/>\n<meta property=\"og:type\" content=\"article\" \/>\n<meta property=\"og:title\" content=\"Boje p\u00ebr Dru Compact Lack SN - Deutsch Color - Zgjedhja e produktit ideal\" \/>\n<meta property=\"og:description\" content=\"Boje p\u00ebr dru, Ideale p\u00ebr sip\u00ebrfaqet e drurit si dyert, dritaret kornizat, dollape, traversat dhe trar\u00ebt etj. Zgjedhja e produktit ideal\" \/>\n<meta property=\"og:url\" content=\"https:\/\/deutschcolor.com\/al\/product\/compact-lack-sn-boje-dru\/\" \/>\n<meta property=\"og:site_name\" content=\"Deutschcolor\" \/>\n<meta property=\"article:publisher\" content=\"https:\/\/www.facebook.com\/deutschcolorofficial\" \/>\n<meta property=\"article:modified_time\" content=\"2025-04-08T09:26:53+00:00\" \/>\n<meta property=\"og:image\" content=\"https:\/\/deutschcolor.com\/al\/wp-content\/uploads\/2019\/04\/Compact-Lack-SN-0-75lt-min.png\" \/>\n\t<meta property=\"og:image:width\" content=\"1000\" \/>\n\t<meta property=\"og:image:height\" content=\"1000\" \/>\n<meta name=\"twitter:card\" content=\"summary_large_image\" \/>\n<script type=\"application\/ld+json\" class=\"yoast-schema-graph\">{\"@context\":\"https:\/\/schema.org\",\"@graph\":[{\"@type\":\"WebSite\",\"@id\":\"https:\/\/deutschcolor.com\/al\/#website\",\"url\":\"https:\/\/deutschcolor.com\/al\/\",\"name\":\"Deutschcolor\",\"description\":\"Deutschcolor Albania\",\"potentialAction\":[{\"@type\":\"SearchAction\",\"target\":\"https:\/\/deutschcolor.com\/al\/?s={search_term_string}\",\"query-input\":\"required name=search_term_string\"}],\"inLanguage\":\"en-US\"},{\"@type\":\"ImageObject\",\"@id\":\"https:\/\/deutschcolor.com\/al\/product\/compact-lack-sn-boje-dru\/#primaryimage\",\"inLanguage\":\"en-US\",\"url\":\"https:\/\/deutschcolor.com\/al\/wp-content\/uploads\/2019\/04\/Compact-Lack-SN-0-75lt-min.png\",\"width\":1000,\"height\":1000,\"caption\":\"Boje p\\u00ebr dru, Ideale p\\u00ebr sip\\u00ebrfaqet e drurit si dyert, dritaret kornizat, dollape, traversat dhe trar\\u00ebt etj. Zgjedhja e produktit ideal\"},{\"@type\":\"WebPage\",\"@id\":\"https:\/\/deutschcolor.com\/al\/product\/compact-lack-sn-boje-dru\/#webpage\",\"url\":\"https:\/\/deutschcolor.com\/al\/product\/compact-lack-sn-boje-dru\/\",\"name\":\"Boje p\\u00ebr Dru Compact Lack SN - Deutsch Color - Zgjedhja e produktit ideal\",\"isPartOf\":{\"@id\":\"https:\/\/deutschcolor.com\/al\/#website\"},\"primaryImageOfPage\":{\"@id\":\"https:\/\/deutschcolor.com\/al\/product\/compact-lack-sn-boje-dru\/#primaryimage\"},\"datePublished\":\"2019-04-21T12:26:38+00:00\",\"dateModified\":\"2025-04-08T09:26:53+00:00\",\"description\":\"Boje p\\u00ebr dru, Ideale p\\u00ebr sip\\u00ebrfaqet e drurit si dyert, dritaret kornizat, dollape, traversat dhe trar\\u00ebt etj. Zgjedhja e produktit ideal\",\"breadcrumb\":{\"@id\":\"https:\/\/deutschcolor.com\/al\/product\/compact-lack-sn-boje-dru\/#breadcrumb\"},\"inLanguage\":\"en-US\",\"potentialAction\":[{\"@type\":\"ReadAction\",\"target\":[\"https:\/\/deutschcolor.com\/al\/product\/compact-lack-sn-boje-dru\/\"]}]},{\"@type\":\"BreadcrumbList\",\"@id\":\"https:\/\/deutschcolor.com\/al\/product\/compact-lack-sn-boje-dru\/#breadcrumb\",\"itemListElement\":[{\"@type\":\"ListItem\",\"position\":1,\"item\":{\"@type\":\"WebPage\",\"@id\":\"https:\/\/deutschcolor.com\/al\/\",\"url\":\"https:\/\/deutschcolor.com\/al\/\",\"name\":\"Home\"}},{\"@type\":\"ListItem\",\"position\":2,\"item\":{\"@type\":\"WebPage\",\"@id\":\"https:\/\/deutschcolor.com\/al\/shop\/\",\"url\":\"https:\/\/deutschcolor.com\/al\/shop\/\",\"name\":\"SHOP\"}},{\"@type\":\"ListItem\",\"position\":3,\"item\":{\"@type\":\"WebPage\",\"@id\":\"https:\/\/deutschcolor.com\/al\/product-category\/produkte-per-dru\/\",\"url\":\"https:\/\/deutschcolor.com\/al\/product-category\/produkte-per-dru\/\",\"name\":\"Produkte p\\u00ebr dru\"}},{\"@type\":\"ListItem\",\"position\":4,\"item\":{\"@type\":\"WebPage\",\"@id\":\"https:\/\/deutschcolor.com\/al\/product-category\/produkte-per-dru\/bojera-per-dru\/\",\"url\":\"https:\/\/deutschcolor.com\/al\/product-category\/produkte-per-dru\/bojera-per-dru\/\",\"name\":\"10.4. Boj\\u00ebra p\\u00ebr dru\"}},{\"@type\":\"ListItem\",\"position\":5,\"item\":{\"@type\":\"WebPage\",\"@id\":\"https:\/\/deutschcolor.com\/al\/product\/compact-lack-sn-boje-dru\/\",\"url\":\"https:\/\/deutschcolor.com\/al\/product\/compact-lack-sn-boje-dru\/\",\"name\":\"Compact Lack SN\"}}]}]}<\/script>\n<!-- \/ Yoast SEO plugin. -->","_links":{"self":[{"href":"https:\/\/deutschcolor.com\/al\/wp-json\/wp\/v2\/product\/24067","targetHints":{"allow":["GET"]}}],"collection":[{"href":"https:\/\/deutschcolor.com\/al\/wp-json\/wp\/v2\/product"}],"about":[{"href":"https:\/\/deutschcolor.com\/al\/wp-json\/wp\/v2\/types\/product"}],"replies":[{"embeddable":true,"href":"https:\/\/deutschcolor.com\/al\/wp-json\/wp\/v2\/comments?post=24067"}],"wp:featuredmedia":[{"embeddable":true,"href":"https:\/\/deutschcolor.com\/al\/wp-json\/wp\/v2\/media\/24497"}],"wp:attachment":[{"href":"https:\/\/deutschcolor.com\/al\/wp-json\/wp\/v2\/media?parent=24067"}],"curies":[{"name":"wp","href":"https:\/\/api.w.org\/{rel}","templated":true}]}}