{"id":24070,"date":"2019-04-21T12:28:18","date_gmt":"2019-04-21T12:28:18","guid":{"rendered":"https:\/\/deutschcolor.com\/al\/?post_type=product&#038;p=24070"},"modified":"2025-03-22T14:29:30","modified_gmt":"2025-03-22T14:29:30","slug":"compact-lack-extra","status":"publish","type":"product","link":"https:\/\/deutschcolor.com\/al\/product\/compact-lack-extra\/","title":{"rendered":"Compact Lack Extra"},"content":{"rendered":"<p><strong>Karakteristikat e produktit<\/strong><br \/>\n\u2022 Punueshm\u00ebri dhe nivelim i shk\u00eblqyer<br \/>\n\u2022 Mbron dhe rrit bukurin\u00eb natyrore t\u00eb drurit<br \/>\n\u2022 Ngjitje shum\u00eb e fort\u00eb dhe tharje e shpejt\u00eb<br \/>\n\u2022 Sip\u00ebrfaqe elastike, e fort\u00eb dhe shum\u00eb e q\u00ebndrueshme ndaj kushteve t\u00eb k\u00ebqija atmosferike<br \/>\n\u2022 P\u00ebrmban fltra UV p\u00ebr mbrojtje nga efektet d\u00ebmtuese t\u00eb drit\u00ebs s\u00eb diellit<\/p>\n<p><strong>Rekomandimet p\u00ebr p\u00ebrdorim<\/strong><br \/>\n<a href=\"https:\/\/deutschcolor.com\/al\/product-category\/produkte-per-dru\/\">Llak transparent<\/a> per dru ideale p\u00ebr sip\u00ebrfaqet e drurit si dyert, dritaret, kornizat, dollape, mobiljet e kopshtit, strehat, traversat dhe trar\u00ebt, gardhet etj.<\/p>\n<p>###<\/p>\n<p><strong>Ruajtja<\/strong><br \/>\n36 muaj, me kusht q\u00eb kana\u00e7et t\u00eb jen\u00eb t\u00eb mbyllura dhe n\u00eb kushte normale ruajtjeje.<\/p>\n<p><strong>Sh\u00ebnime<\/strong><br \/>\n\u2022 Rekomandohet q\u00eb t\u00eb shmanget aplikimi i produktit n\u00eb temperatura n\u00ebn 5\u00baC<\/p>\n<div style=\"display: none;\">\n<h5>Llak transparent per dru<\/h5>\n<p>However Ne kemi nj\u00eb vizion t\u00eb fuqish\u00ebm. Similarly, Prodhim, Zhvillim dhe Shp\u00ebrndarje. Ne synojm\u00eb t\u00eb p\u00ebrmbushim t\u00eb gjitha nevojat e klient\u00ebve n\u00eb fush\u00ebn e bojrave me t\u00eb gjitha nuancat e larmit\u00eb e tyre estetike dhe teknologjike. However Do t\u00eb vazhdojm\u00eb t\u00eb hulumtojm\u00eb mbi metoda t\u00eb reja dhe efektive p\u00ebr t\u00eb arritur objektivin ton\u00eb n\u00eb rrug\u00ebn e suksesit.<br \/>\n<b>Above all<\/b>, Derim\u00ebtani, kemi arritur nj\u00eb status shum\u00ebkomb\u00ebsh t\u00eb mark\u00ebs son\u00eb. Similarly, Vizioni yn\u00eb afatgjat\u00eb \u00ebsht\u00eb q\u00eb t\u00eb jemi t\u00eb pranish\u00ebm n\u00eb \u00e7do ambient tuajin n\u00ebp\u00ebrmjet konceptit t\u00eb boj\u00ebrave.<\/p>\n<h5><a href=\"https:\/\/deutschcolor.com\/al\/product-category\/bojra\/\">Bojra<\/a><\/h5>\n<p>Above all, si pjes\u00eb e objektivave tan\u00eb strategjik\u00eb, ne fokusohemi n\u00eb ofrimin e nj\u00eb produkti t\u00eb q\u00ebndruesh\u00ebm, afatgjat\u00eb. N\u00eb treg me \u00e7mim t\u00eb arsyesh\u00ebm dhe t\u00eb p\u00ebrballuesh\u00ebm nga t\u00eb gjitha shtresat ekonomike. Above all, Llak transparent per dru.<\/p>\n<p>Above all, Strategjit\u00eb tona t\u00eb p\u00ebrgjithshme synojn\u00eb zgjerimin mbi asete t\u00eb reja. However Duke hapur nj\u00eb num\u00ebr t\u00eb madh filialesh n\u00eb nivel global.However gjithashtu duke zhvilluar produkte t\u00eb reja p\u00ebr t\u00eb sjell\u00eb n\u00eb treg dhe p\u00ebr t\u00eb arritur q\u00ebllimin e p\u00ebrmbushjes s\u00eb k\u00ebrkesave t\u00eb klient\u00ebve brenda industris\u00eb s\u00eb bojrave.<\/p>\n<p><em>As a result, <\/em>Duke zgjeruar bizneset tona n\u00eb nivel komb\u00ebtar, ne po krijojm\u00eb mund\u00ebsi t\u00eb pafundme q\u00eb individ\u00eb t\u00eb ndrysh\u00ebm t\u00eb bashkohen me ne n\u00eb k\u00ebt\u00eb rrug\u00ebtim suksesi dhe t\u00eb jen\u00eb pjes\u00eb e nj\u00eb perandorie t\u00eb ardhshme. Pjestar\u00ebt e ekipit ton\u00eb k\u00ebrkimor profesional marrin parasysh t\u00eb gjitha reagimet e klient\u00ebve tan\u00eb me synim ofrimin e nj\u00eb produkti t\u00eb shk\u00eblqyer p\u00ebr tregun ton\u00eb. Llak transparent per dru.<\/p>\n<p>However, Nj\u00eb faktor tjet\u00ebr ky\u00e7 ku ne fokusohemi \u00ebsht\u00eb marketimi i mark\u00ebs son\u00eb. Similarly, Ne e njohim r\u00ebnd\u00ebsin\u00eb e informimit t\u00eb t\u00eb gjith\u00eb klient\u00ebve rreth ofertave tona.However gjithashtu programit t\u00eb besnik\u00ebris\u00eb s\u00eb klient\u00ebve, ndaj ne ruajm\u00eb nj\u00eb standard t\u00eb lart\u00eb <a href=\"http:\/\/deltahome.al\/en\/\">marketingu dhe reklamimi.<\/a><\/p>\n<\/div>\n","protected":false},"excerpt":{"rendered":"<p>Llak transparent p\u00ebr dru me filtra UV p\u00ebr mbrojtje perfekte t\u00eb drurit n\u00eb ambiente t\u00eb brendshme dhe t\u00eb jashtme<\/p>\n","protected":false},"featured_media":24498,"comment_status":"closed","ping_status":"closed","template":"","meta":{"_glsr_average":0,"_glsr_ranking":0,"_glsr_reviews":0},"class_list":["post-24070","product","type-product","status-publish","has-post-thumbnail","hentry","product_cat-produkte-per-dru","product_cat-bojera-per-dru"],"yoast_head":"<!-- This site is optimized with the Yoast SEO plugin v15.0 - https:\/\/yoast.com\/wordpress\/plugins\/seo\/ -->\n<title>Compact Lack Extra - Llak transparent per dru - Deutsch Color<\/title>\n<meta name=\"description\" content=\"Llak transparent per dru me filtra UV p\u00ebr mbrojtje perfekte t\u00eb drurit n\u00eb ambiente t\u00eb brendshme dhe t\u00eb jashtme. \u2022 Punueshm\u00ebri dhe nivelim ...\" \/>\n<meta name=\"robots\" content=\"index, follow, max-snippet:-1, max-image-preview:large, max-video-preview:-1\" \/>\n<link rel=\"canonical\" href=\"https:\/\/deutschcolor.com\/al\/product\/compact-lack-extra\/\" \/>\n<meta property=\"og:locale\" content=\"en_US\" \/>\n<meta property=\"og:type\" content=\"article\" \/>\n<meta property=\"og:title\" content=\"Compact Lack Extra - Llak transparent per dru - Deutsch Color\" \/>\n<meta property=\"og:description\" content=\"Llak transparent per dru me filtra UV p\u00ebr mbrojtje perfekte t\u00eb drurit n\u00eb ambiente t\u00eb brendshme dhe t\u00eb jashtme. \u2022 Punueshm\u00ebri dhe nivelim ...\" \/>\n<meta property=\"og:url\" content=\"https:\/\/deutschcolor.com\/al\/product\/compact-lack-extra\/\" \/>\n<meta property=\"og:site_name\" content=\"Deutschcolor\" \/>\n<meta property=\"article:publisher\" content=\"https:\/\/www.facebook.com\/deutschcolorofficial\" \/>\n<meta property=\"article:modified_time\" content=\"2025-03-22T14:29:30+00:00\" \/>\n<meta property=\"og:image\" content=\"https:\/\/deutschcolor.com\/al\/wp-content\/uploads\/2019\/04\/Compact-Lack-Extra-min.png\" \/>\n\t<meta property=\"og:image:width\" content=\"1000\" \/>\n\t<meta property=\"og:image:height\" content=\"1000\" \/>\n<meta name=\"twitter:card\" content=\"summary_large_image\" \/>\n<script type=\"application\/ld+json\" class=\"yoast-schema-graph\">{\"@context\":\"https:\/\/schema.org\",\"@graph\":[{\"@type\":\"WebSite\",\"@id\":\"https:\/\/deutschcolor.com\/al\/#website\",\"url\":\"https:\/\/deutschcolor.com\/al\/\",\"name\":\"Deutschcolor\",\"description\":\"Deutschcolor Albania\",\"potentialAction\":[{\"@type\":\"SearchAction\",\"target\":\"https:\/\/deutschcolor.com\/al\/?s={search_term_string}\",\"query-input\":\"required name=search_term_string\"}],\"inLanguage\":\"en-US\"},{\"@type\":\"ImageObject\",\"@id\":\"https:\/\/deutschcolor.com\/al\/product\/compact-lack-extra\/#primaryimage\",\"inLanguage\":\"en-US\",\"url\":\"https:\/\/deutschcolor.com\/al\/wp-content\/uploads\/2019\/04\/Compact-Lack-Extra-min.png\",\"width\":1000,\"height\":1000,\"caption\":\"Llak Compact Lack Extra-min\"},{\"@type\":\"WebPage\",\"@id\":\"https:\/\/deutschcolor.com\/al\/product\/compact-lack-extra\/#webpage\",\"url\":\"https:\/\/deutschcolor.com\/al\/product\/compact-lack-extra\/\",\"name\":\"Compact Lack Extra - Llak transparent per dru - Deutsch Color\",\"isPartOf\":{\"@id\":\"https:\/\/deutschcolor.com\/al\/#website\"},\"primaryImageOfPage\":{\"@id\":\"https:\/\/deutschcolor.com\/al\/product\/compact-lack-extra\/#primaryimage\"},\"datePublished\":\"2019-04-21T12:28:18+00:00\",\"dateModified\":\"2025-03-22T14:29:30+00:00\",\"description\":\"Llak transparent per dru me filtra UV p\\u00ebr mbrojtje perfekte t\\u00eb drurit n\\u00eb ambiente t\\u00eb brendshme dhe t\\u00eb jashtme. \\u2022 Punueshm\\u00ebri dhe nivelim ...\",\"breadcrumb\":{\"@id\":\"https:\/\/deutschcolor.com\/al\/product\/compact-lack-extra\/#breadcrumb\"},\"inLanguage\":\"en-US\",\"potentialAction\":[{\"@type\":\"ReadAction\",\"target\":[\"https:\/\/deutschcolor.com\/al\/product\/compact-lack-extra\/\"]}]},{\"@type\":\"BreadcrumbList\",\"@id\":\"https:\/\/deutschcolor.com\/al\/product\/compact-lack-extra\/#breadcrumb\",\"itemListElement\":[{\"@type\":\"ListItem\",\"position\":1,\"item\":{\"@type\":\"WebPage\",\"@id\":\"https:\/\/deutschcolor.com\/al\/\",\"url\":\"https:\/\/deutschcolor.com\/al\/\",\"name\":\"Home\"}},{\"@type\":\"ListItem\",\"position\":2,\"item\":{\"@type\":\"WebPage\",\"@id\":\"https:\/\/deutschcolor.com\/al\/shop\/\",\"url\":\"https:\/\/deutschcolor.com\/al\/shop\/\",\"name\":\"SHOP\"}},{\"@type\":\"ListItem\",\"position\":3,\"item\":{\"@type\":\"WebPage\",\"@id\":\"https:\/\/deutschcolor.com\/al\/product-category\/produkte-per-dru\/\",\"url\":\"https:\/\/deutschcolor.com\/al\/product-category\/produkte-per-dru\/\",\"name\":\"Produkte p\\u00ebr dru\"}},{\"@type\":\"ListItem\",\"position\":4,\"item\":{\"@type\":\"WebPage\",\"@id\":\"https:\/\/deutschcolor.com\/al\/product-category\/produkte-per-dru\/bojera-per-dru\/\",\"url\":\"https:\/\/deutschcolor.com\/al\/product-category\/produkte-per-dru\/bojera-per-dru\/\",\"name\":\"10.4. Boj\\u00ebra p\\u00ebr dru\"}},{\"@type\":\"ListItem\",\"position\":5,\"item\":{\"@type\":\"WebPage\",\"@id\":\"https:\/\/deutschcolor.com\/al\/product\/compact-lack-extra\/\",\"url\":\"https:\/\/deutschcolor.com\/al\/product\/compact-lack-extra\/\",\"name\":\"Compact Lack Extra\"}}]}]}<\/script>\n<!-- \/ Yoast SEO plugin. -->","_links":{"self":[{"href":"https:\/\/deutschcolor.com\/al\/wp-json\/wp\/v2\/product\/24070","targetHints":{"allow":["GET"]}}],"collection":[{"href":"https:\/\/deutschcolor.com\/al\/wp-json\/wp\/v2\/product"}],"about":[{"href":"https:\/\/deutschcolor.com\/al\/wp-json\/wp\/v2\/types\/product"}],"replies":[{"embeddable":true,"href":"https:\/\/deutschcolor.com\/al\/wp-json\/wp\/v2\/comments?post=24070"}],"wp:featuredmedia":[{"embeddable":true,"href":"https:\/\/deutschcolor.com\/al\/wp-json\/wp\/v2\/media\/24498"}],"wp:attachment":[{"href":"https:\/\/deutschcolor.com\/al\/wp-json\/wp\/v2\/media?parent=24070"}],"curies":[{"name":"wp","href":"https:\/\/api.w.org\/{rel}","templated":true}]}}