{"id":24582,"date":"2019-12-23T10:55:55","date_gmt":"2019-12-23T10:55:55","guid":{"rendered":"https:\/\/deutschcolor.com\/al\/?post_type=product&#038;p=24582"},"modified":"2025-02-28T11:47:17","modified_gmt":"2025-02-28T11:47:17","slug":"fm-031","status":"publish","type":"product","link":"https:\/\/deutschcolor.com\/al\/product\/fm-031\/","title":{"rendered":"FM 031"},"content":{"rendered":"<p><strong>KLASIFIKIMI I PRODUKTIT<\/strong><br \/>\nFM 031 \u00ebsht\u00eb klasifikuar si C1TE sipas EN 12004, baza C \u00e7imento, 1 ngjit\u00ebs me forc\u00eb ngjit\u00ebse normale, T antirr\u00ebshkitshm\u00ebri, E koh\u00eb e zgjatur punimi.<\/p>\n<p><strong>KARAKTERISTIKAT<\/strong><br \/>\n&#8211; P\u00ebr p\u00ebrdorim t\u00eb brendsh\u00ebm dhe t\u00eb jasht\u00ebm n\u00eb ambiente banimi.<br \/>\n&#8211; Punueshm\u00ebri e mir\u00eb.<br \/>\n&#8211; P\u00ebr fiksimin e qeramik\u00ebs dhe porcelanit n\u00eb sip\u00ebrfaqe me baz\u00eb \u00e7imento.<br \/>\n&#8211; P\u00ebr fiksim qeramike n\u00eb sip\u00ebrfaqe gipsi t\u00eb trajtuar paraprakisht me FM PRIMER.<\/p>\n<p><strong>JET\u00cbGJAT\u00cbSIA DHE RUAJTJA<\/strong><br \/>\n12 muaj, n\u00eb qoft\u00eb se ruhet n\u00eb kushte normale dhe n\u00eb paketimin origjinal, i mbrojtur nga ekspozimi direkt ndaj diellit dhe acarit.<\/p>\n<p>###<\/p>\n<p><strong>FUSHA E P\u00cbRDORIMIT<\/strong><br \/>\nFM 031 p\u00ebrdoret p\u00ebr shtrimin e pllakave prej qeramike, porcelani dhe pllakave t\u00eb dimensioneve t\u00eb vogla n\u00eb sip\u00ebrfaqe t\u00eb ndryshme t\u00eb tilla si: beton, dysheme me baz\u00eb \u00e7imento e suva. Ky produkt \u00ebsht\u00eb i p\u00ebrshtatsh\u00ebm p\u00ebr ambiente t\u00eb brendshme.<\/p>\n<p><strong>PRO\u00c7EDURA E APLIKIMIT<\/strong><br \/>\nP\u00ebrgatitja e sip\u00ebrfaqes<br \/>\nSuportet tradicionale me baz\u00eb \u00e7imento duhet t\u00eb ken\u00eb nj\u00eb koh\u00eb maturimi t\u00eb mjaftueshme prej (28 dit\u00eb n\u00eb temperatur\u00eb 23oC dhe U.R 40% ). Suportet duhet t\u00eb jen\u00eb t\u00eb sheshta dhe t\u00eb q\u00ebndrueshme n\u00eb funksion t\u00eb q\u00ebllimit t\u00eb p\u00ebrdorimit. Suporti ku do t\u00eb aplikohet produkti duhet t\u00eb jet\u00eb i past\u00ebr, pa l\u00ebnd\u00eb t\u00eb huaja t\u00eb tilla si: bojra, vajra, verniqe, materiale anti-ngjit\u00ebse. Pastrimi b\u00ebhet n\u00eb m\u00ebnyr\u00eb mekanike ose manuale. Para se t\u00eb aplikoni produktin, maturoni sip\u00ebrfaqen p\u00ebr t\u00eb pakt\u00ebn nj\u00eb jav\u00eb n\u00eb m\u00ebnyr\u00eb q\u00eb ajo t\u00eb arrij\u00eb trash\u00ebsi 1 cm.<\/p>\n<p><strong>PAKETIMI<\/strong><br \/>\nThas\u00eb letre 25 Kg.<\/p>\n","protected":false},"excerpt":{"rendered":"<p>Ngjit\u00ebs me baz\u00eb \u00e7imento, p\u00ebr ngjitjen e pllakave qeramike.<\/p>\n","protected":false},"featured_media":24589,"comment_status":"closed","ping_status":"closed","template":"","meta":{"_glsr_average":0,"_glsr_ranking":0,"_glsr_reviews":0},"class_list":["post-24582","product","type-product","status-publish","has-post-thumbnail","hentry","product_cat-ngjites","product_cat-ngjites-me-baze-cimento-per-pllaka"],"yoast_head":"<!-- This site is optimized with the Yoast SEO plugin v15.0 - https:\/\/yoast.com\/wordpress\/plugins\/seo\/ -->\n<title>FM 031 - P\u00ebrdoret p\u00ebr shtrimin e pllakave - Deutsch Color - Ngjites i nje cilesie te larte.<\/title>\n<meta name=\"description\" content=\"P\u00ebrdoret p\u00ebr shtrimin e pllakave prej qeramike, porcelani dhe pllakave t\u00eb dimensioneve t\u00eb vogla n\u00eb sip\u00ebrfaqe t\u00eb ndryshme t\u00eb tilla si: beton, dysheme me baz\u00eb \u00e7imento e suva.\" \/>\n<meta name=\"robots\" content=\"index, follow, max-snippet:-1, max-image-preview:large, max-video-preview:-1\" \/>\n<link rel=\"canonical\" href=\"https:\/\/deutschcolor.com\/al\/product\/fm-031\/\" \/>\n<meta property=\"og:locale\" content=\"en_US\" \/>\n<meta property=\"og:type\" content=\"article\" \/>\n<meta property=\"og:title\" content=\"FM 031 - P\u00ebrdoret p\u00ebr shtrimin e pllakave - Deutsch Color - Ngjites i nje cilesie te larte.\" \/>\n<meta property=\"og:description\" content=\"P\u00ebrdoret p\u00ebr shtrimin e pllakave prej qeramike, porcelani dhe pllakave t\u00eb dimensioneve t\u00eb vogla n\u00eb sip\u00ebrfaqe t\u00eb ndryshme t\u00eb tilla si: beton, dysheme me baz\u00eb \u00e7imento e suva.\" \/>\n<meta property=\"og:url\" content=\"https:\/\/deutschcolor.com\/al\/product\/fm-031\/\" \/>\n<meta property=\"og:site_name\" content=\"Deutschcolor\" \/>\n<meta property=\"article:publisher\" content=\"https:\/\/www.facebook.com\/deutschcolorofficial\" \/>\n<meta property=\"article:modified_time\" content=\"2025-02-28T11:47:17+00:00\" \/>\n<meta property=\"og:image\" content=\"https:\/\/deutschcolor.com\/al\/wp-content\/uploads\/2019\/12\/Thesi-FM031-Grey-min.png\" \/>\n\t<meta property=\"og:image:width\" content=\"1000\" \/>\n\t<meta property=\"og:image:height\" content=\"1000\" \/>\n<meta name=\"twitter:card\" content=\"summary_large_image\" \/>\n<script type=\"application\/ld+json\" class=\"yoast-schema-graph\">{\"@context\":\"https:\/\/schema.org\",\"@graph\":[{\"@type\":\"WebSite\",\"@id\":\"https:\/\/deutschcolor.com\/al\/#website\",\"url\":\"https:\/\/deutschcolor.com\/al\/\",\"name\":\"Deutschcolor\",\"description\":\"Deutschcolor Albania\",\"potentialAction\":[{\"@type\":\"SearchAction\",\"target\":\"https:\/\/deutschcolor.com\/al\/?s={search_term_string}\",\"query-input\":\"required name=search_term_string\"}],\"inLanguage\":\"en-US\"},{\"@type\":\"ImageObject\",\"@id\":\"https:\/\/deutschcolor.com\/al\/product\/fm-031\/#primaryimage\",\"inLanguage\":\"en-US\",\"url\":\"https:\/\/deutschcolor.com\/al\/wp-content\/uploads\/2019\/12\/Thesi-FM031-Grey-min.png\",\"width\":1000,\"height\":1000},{\"@type\":\"WebPage\",\"@id\":\"https:\/\/deutschcolor.com\/al\/product\/fm-031\/#webpage\",\"url\":\"https:\/\/deutschcolor.com\/al\/product\/fm-031\/\",\"name\":\"FM 031 - P\\u00ebrdoret p\\u00ebr shtrimin e pllakave - Deutsch Color - Ngjites i nje cilesie te larte.\",\"isPartOf\":{\"@id\":\"https:\/\/deutschcolor.com\/al\/#website\"},\"primaryImageOfPage\":{\"@id\":\"https:\/\/deutschcolor.com\/al\/product\/fm-031\/#primaryimage\"},\"datePublished\":\"2019-12-23T10:55:55+00:00\",\"dateModified\":\"2025-02-28T11:47:17+00:00\",\"description\":\"P\\u00ebrdoret p\\u00ebr shtrimin e pllakave prej qeramike, porcelani dhe pllakave t\\u00eb dimensioneve t\\u00eb vogla n\\u00eb sip\\u00ebrfaqe t\\u00eb ndryshme t\\u00eb tilla si: beton, dysheme me baz\\u00eb \\u00e7imento e suva.\",\"breadcrumb\":{\"@id\":\"https:\/\/deutschcolor.com\/al\/product\/fm-031\/#breadcrumb\"},\"inLanguage\":\"en-US\",\"potentialAction\":[{\"@type\":\"ReadAction\",\"target\":[\"https:\/\/deutschcolor.com\/al\/product\/fm-031\/\"]}]},{\"@type\":\"BreadcrumbList\",\"@id\":\"https:\/\/deutschcolor.com\/al\/product\/fm-031\/#breadcrumb\",\"itemListElement\":[{\"@type\":\"ListItem\",\"position\":1,\"item\":{\"@type\":\"WebPage\",\"@id\":\"https:\/\/deutschcolor.com\/al\/\",\"url\":\"https:\/\/deutschcolor.com\/al\/\",\"name\":\"Home\"}},{\"@type\":\"ListItem\",\"position\":2,\"item\":{\"@type\":\"WebPage\",\"@id\":\"https:\/\/deutschcolor.com\/al\/shop\/\",\"url\":\"https:\/\/deutschcolor.com\/al\/shop\/\",\"name\":\"SHOP\"}},{\"@type\":\"ListItem\",\"position\":3,\"item\":{\"@type\":\"WebPage\",\"@id\":\"https:\/\/deutschcolor.com\/al\/product-category\/ngjites\/\",\"url\":\"https:\/\/deutschcolor.com\/al\/product-category\/ngjites\/\",\"name\":\"Ngjit\\u00ebs\"}},{\"@type\":\"ListItem\",\"position\":4,\"item\":{\"@type\":\"WebPage\",\"@id\":\"https:\/\/deutschcolor.com\/al\/product-category\/ngjites\/ngjites-me-baze-cimento-per-pllaka\/\",\"url\":\"https:\/\/deutschcolor.com\/al\/product-category\/ngjites\/ngjites-me-baze-cimento-per-pllaka\/\",\"name\":\"1.1. Ngjit\\u00ebs me baz\\u00eb \\u00e7imento p\\u00ebr pllaka\"}},{\"@type\":\"ListItem\",\"position\":5,\"item\":{\"@type\":\"WebPage\",\"@id\":\"https:\/\/deutschcolor.com\/al\/product\/fm-031\/\",\"url\":\"https:\/\/deutschcolor.com\/al\/product\/fm-031\/\",\"name\":\"FM 031\"}}]}]}<\/script>\n<!-- \/ Yoast SEO plugin. -->","_links":{"self":[{"href":"https:\/\/deutschcolor.com\/al\/wp-json\/wp\/v2\/product\/24582","targetHints":{"allow":["GET"]}}],"collection":[{"href":"https:\/\/deutschcolor.com\/al\/wp-json\/wp\/v2\/product"}],"about":[{"href":"https:\/\/deutschcolor.com\/al\/wp-json\/wp\/v2\/types\/product"}],"replies":[{"embeddable":true,"href":"https:\/\/deutschcolor.com\/al\/wp-json\/wp\/v2\/comments?post=24582"}],"wp:featuredmedia":[{"embeddable":true,"href":"https:\/\/deutschcolor.com\/al\/wp-json\/wp\/v2\/media\/24589"}],"wp:attachment":[{"href":"https:\/\/deutschcolor.com\/al\/wp-json\/wp\/v2\/media?parent=24582"}],"curies":[{"name":"wp","href":"https:\/\/api.w.org\/{rel}","templated":true}]}}