{"id":24591,"date":"2019-12-23T11:02:14","date_gmt":"2019-12-23T11:02:14","guid":{"rendered":"https:\/\/deutschcolor.com\/al\/?post_type=product&#038;p=24591"},"modified":"2025-02-28T08:25:22","modified_gmt":"2025-02-28T08:25:22","slug":"fm-050","status":"publish","type":"product","link":"https:\/\/deutschcolor.com\/al\/product\/fm-050\/","title":{"rendered":"FM 050"},"content":{"rendered":"<p><strong>KLASIFIKIMI I PRODUKTIT<\/strong><br \/>\nFM 050 \u00ebsht\u00eb klasifikuar si C2TE sipas EN 12004, baza C \u00e7imento, 2 ngjit\u00ebs me forc\u00eb ngjit\u00ebse t\u00eb lart\u00eb, T rezistenca ndaj rr\u00ebshkitshm\u00ebris\u00eb dhe E koh\u00eb e zgjatur punimi.<\/p>\n<p><strong>KARAKTERISTIKAT<\/strong><br \/>\n&#8211; P\u00ebr p\u00ebrdorim t\u00eb brendsh\u00ebm dhe t\u00eb jasht\u00ebm.<br \/>\n&#8211; P\u00ebr ambiente me lag\u00ebshti.<br \/>\n&#8211; Punueshm\u00ebri e mir\u00eb.<br \/>\n&#8211; P\u00ebr fiksimin e pllakave qeramike, gres dhe porcelan n\u00eb sip\u00ebrfaqe t\u00eb v\u00ebshtira dhe mbi pllaka ekzistuese t\u00eb vjetra.<br \/>\n&#8211; P\u00ebr fiksimin e pllakave qeramike, gres dhe porcelan n\u00eb sip\u00ebrfaqe gipsi t\u00eb trajtuar me FM PRIMER.<\/p>\n<p>###<\/p>\n<p><strong>FUSHA E P\u00cbRDORIMIT<\/strong><br \/>\nFM 050 p\u00ebrdoret p\u00ebr shtrimin e pllakave prej qeramike, gres, porcelani dhe pllakave t\u00eb dimensioneve t\u00eb ndryshme n\u00eb sip\u00ebrfaqe t\u00eb ndryshme t\u00eb tilla si: beton, veshje izoluese, \u00e7imento, suva, pllaka t\u00eb vjetra, etj. Ky produkt \u00ebsht\u00eb i p\u00ebrshtatsh\u00ebm p\u00ebr brenda dhe jasht\u00eb. FM 050 gjithashtu mund t\u00eb aplikohet n\u00eb sip\u00ebrfaqe t\u00eb deformueshme si: pllaka gipsi, druri apo dysheme me ngrohje q\u00ebndrore kur b\u00ebhet p\u00ebrforcimi i tij me adetivin LATEX, i cili p\u00ebrmir\u00ebson parametrat teknike ngjit\u00ebse.<\/p>\n<p><strong>PAKETIMI<\/strong><br \/>\nThas\u00eb letre 25 Kg.<\/p>\n<p><strong>JET\u00cbGJAT\u00cbSIA DHE RUAJTJA<\/strong><br \/>\n12 muaj, n\u00eb qoft\u00eb se ruhet n\u00eb kushte normale dhe n\u00eb paketimin origjinal, i mbrojtur nga ekspozimi direkt ndaj diellit dhe acarit<\/p>\n","protected":false},"excerpt":{"rendered":"<p>Ngjit\u00ebs fleksib\u00ebl me baz\u00eb \u00e7imento, p\u00ebr ngjitjen e pllakave qeramike, gres, porcelan, etj.<\/p>\n","protected":false},"featured_media":24584,"comment_status":"closed","ping_status":"closed","template":"","meta":{"_glsr_average":0,"_glsr_ranking":0,"_glsr_reviews":0},"class_list":["post-24591","product","type-product","status-publish","has-post-thumbnail","hentry","product_cat-ngjites","product_cat-ngjites-me-baze-cimento-per-pllaka"],"yoast_head":"<!-- This site is optimized with the Yoast SEO plugin v15.0 - https:\/\/yoast.com\/wordpress\/plugins\/seo\/ -->\n<title>FM 050 aplikohet n\u00eb sip\u00ebrfaqe deformuese si pllaka etj - Deutsch Color<\/title>\n<meta name=\"description\" content=\"FM 050 mund t\u00eb aplikohet gjithashtu n\u00eb sip\u00ebrfaqe deformuese, si p.sh.: pllaka gipskartoni ose druri, ngrohje dyshemeje. Leht\u00eb p\u00ebr tu punuar.\" \/>\n<meta name=\"robots\" content=\"index, follow, max-snippet:-1, max-image-preview:large, max-video-preview:-1\" \/>\n<link rel=\"canonical\" href=\"https:\/\/deutschcolor.com\/al\/product\/fm-050\/\" \/>\n<meta property=\"og:locale\" content=\"en_US\" \/>\n<meta property=\"og:type\" content=\"article\" \/>\n<meta property=\"og:title\" content=\"FM 050 aplikohet n\u00eb sip\u00ebrfaqe deformuese si pllaka etj - Deutsch Color\" \/>\n<meta property=\"og:description\" content=\"FM 050 mund t\u00eb aplikohet gjithashtu n\u00eb sip\u00ebrfaqe deformuese, si p.sh.: pllaka gipskartoni ose druri, ngrohje dyshemeje. Leht\u00eb p\u00ebr tu punuar.\" \/>\n<meta property=\"og:url\" content=\"https:\/\/deutschcolor.com\/al\/product\/fm-050\/\" \/>\n<meta property=\"og:site_name\" content=\"Deutschcolor\" \/>\n<meta property=\"article:publisher\" content=\"https:\/\/www.facebook.com\/deutschcolorofficial\" \/>\n<meta property=\"article:modified_time\" content=\"2025-02-28T08:25:22+00:00\" \/>\n<meta property=\"og:image\" content=\"https:\/\/deutschcolor.com\/al\/wp-content\/uploads\/2019\/12\/Thesi-FM050-Grey-min.png\" \/>\n\t<meta property=\"og:image:width\" content=\"1000\" \/>\n\t<meta property=\"og:image:height\" content=\"1000\" \/>\n<meta name=\"twitter:card\" content=\"summary_large_image\" \/>\n<script type=\"application\/ld+json\" class=\"yoast-schema-graph\">{\"@context\":\"https:\/\/schema.org\",\"@graph\":[{\"@type\":\"WebSite\",\"@id\":\"https:\/\/deutschcolor.com\/al\/#website\",\"url\":\"https:\/\/deutschcolor.com\/al\/\",\"name\":\"Deutschcolor\",\"description\":\"Deutschcolor Albania\",\"potentialAction\":[{\"@type\":\"SearchAction\",\"target\":\"https:\/\/deutschcolor.com\/al\/?s={search_term_string}\",\"query-input\":\"required name=search_term_string\"}],\"inLanguage\":\"en-US\"},{\"@type\":\"ImageObject\",\"@id\":\"https:\/\/deutschcolor.com\/al\/product\/fm-050\/#primaryimage\",\"inLanguage\":\"en-US\",\"url\":\"https:\/\/deutschcolor.com\/al\/wp-content\/uploads\/2019\/12\/Thesi-FM050-Grey-min.png\",\"width\":1000,\"height\":1000},{\"@type\":\"WebPage\",\"@id\":\"https:\/\/deutschcolor.com\/al\/product\/fm-050\/#webpage\",\"url\":\"https:\/\/deutschcolor.com\/al\/product\/fm-050\/\",\"name\":\"FM 050 aplikohet n\\u00eb sip\\u00ebrfaqe deformuese si pllaka etj - Deutsch Color\",\"isPartOf\":{\"@id\":\"https:\/\/deutschcolor.com\/al\/#website\"},\"primaryImageOfPage\":{\"@id\":\"https:\/\/deutschcolor.com\/al\/product\/fm-050\/#primaryimage\"},\"datePublished\":\"2019-12-23T11:02:14+00:00\",\"dateModified\":\"2025-02-28T08:25:22+00:00\",\"description\":\"FM 050 mund t\\u00eb aplikohet gjithashtu n\\u00eb sip\\u00ebrfaqe deformuese, si p.sh.: pllaka gipskartoni ose druri, ngrohje dyshemeje. Leht\\u00eb p\\u00ebr tu punuar.\",\"breadcrumb\":{\"@id\":\"https:\/\/deutschcolor.com\/al\/product\/fm-050\/#breadcrumb\"},\"inLanguage\":\"en-US\",\"potentialAction\":[{\"@type\":\"ReadAction\",\"target\":[\"https:\/\/deutschcolor.com\/al\/product\/fm-050\/\"]}]},{\"@type\":\"BreadcrumbList\",\"@id\":\"https:\/\/deutschcolor.com\/al\/product\/fm-050\/#breadcrumb\",\"itemListElement\":[{\"@type\":\"ListItem\",\"position\":1,\"item\":{\"@type\":\"WebPage\",\"@id\":\"https:\/\/deutschcolor.com\/al\/\",\"url\":\"https:\/\/deutschcolor.com\/al\/\",\"name\":\"Home\"}},{\"@type\":\"ListItem\",\"position\":2,\"item\":{\"@type\":\"WebPage\",\"@id\":\"https:\/\/deutschcolor.com\/al\/shop\/\",\"url\":\"https:\/\/deutschcolor.com\/al\/shop\/\",\"name\":\"SHOP\"}},{\"@type\":\"ListItem\",\"position\":3,\"item\":{\"@type\":\"WebPage\",\"@id\":\"https:\/\/deutschcolor.com\/al\/product-category\/ngjites\/\",\"url\":\"https:\/\/deutschcolor.com\/al\/product-category\/ngjites\/\",\"name\":\"Ngjit\\u00ebs\"}},{\"@type\":\"ListItem\",\"position\":4,\"item\":{\"@type\":\"WebPage\",\"@id\":\"https:\/\/deutschcolor.com\/al\/product-category\/ngjites\/ngjites-me-baze-cimento-per-pllaka\/\",\"url\":\"https:\/\/deutschcolor.com\/al\/product-category\/ngjites\/ngjites-me-baze-cimento-per-pllaka\/\",\"name\":\"1.1. Ngjit\\u00ebs me baz\\u00eb \\u00e7imento p\\u00ebr pllaka\"}},{\"@type\":\"ListItem\",\"position\":5,\"item\":{\"@type\":\"WebPage\",\"@id\":\"https:\/\/deutschcolor.com\/al\/product\/fm-050\/\",\"url\":\"https:\/\/deutschcolor.com\/al\/product\/fm-050\/\",\"name\":\"FM 050\"}}]}]}<\/script>\n<!-- \/ Yoast SEO plugin. -->","_links":{"self":[{"href":"https:\/\/deutschcolor.com\/al\/wp-json\/wp\/v2\/product\/24591","targetHints":{"allow":["GET"]}}],"collection":[{"href":"https:\/\/deutschcolor.com\/al\/wp-json\/wp\/v2\/product"}],"about":[{"href":"https:\/\/deutschcolor.com\/al\/wp-json\/wp\/v2\/types\/product"}],"replies":[{"embeddable":true,"href":"https:\/\/deutschcolor.com\/al\/wp-json\/wp\/v2\/comments?post=24591"}],"wp:featuredmedia":[{"embeddable":true,"href":"https:\/\/deutschcolor.com\/al\/wp-json\/wp\/v2\/media\/24584"}],"wp:attachment":[{"href":"https:\/\/deutschcolor.com\/al\/wp-json\/wp\/v2\/media?parent=24591"}],"curies":[{"name":"wp","href":"https:\/\/api.w.org\/{rel}","templated":true}]}}