{"id":24667,"date":"2019-12-27T09:09:05","date_gmt":"2019-12-27T09:09:05","guid":{"rendered":"https:\/\/deutschcolor.com\/al\/?post_type=product&#038;p=24667"},"modified":"2025-04-09T14:19:11","modified_gmt":"2025-04-09T14:19:11","slug":"izodicht-pu","status":"publish","type":"product","link":"https:\/\/deutschcolor.com\/al\/product\/izodicht-pu\/","title":{"rendered":"IZODICHT PU"},"content":{"rendered":"<p><strong>Karakteristikat<\/strong><br \/>\n1 Ofron nj\u00eb izolim dhe elasticitet t\u00eb lart\u00eb.<br \/>\n2 Karakterizohet nga aft\u00ebsi shum\u00eb t\u00eb mira ngjit\u00ebse n\u00eb t\u00eb gjitha sip\u00ebrfaqet me baz\u00eb \u00e7imento si dhe t\u00eb atyre t\u00eb p\u00ebrb\u00ebra prej tulle, druri ose metali dhe mbi \u00e7do lloj tjet\u00ebr materiali izolimi.<br \/>\n3 Mund\u00ebsi p\u00ebrdorimi dhe n\u00eb shtresa ta paniveluara.<br \/>\n4 Siguron elasticitet t\u00eb lart\u00eb duke evituar formimin e \u00e7arjeve dhe plasaritjeve q\u00eb mund t\u00eb krijohen me kalimin e koh\u00ebs.<br \/>\n5 Ngjyra e bardh\u00eb e hidroizoluesit gjat\u00eb ver\u00ebs ndihmon n\u00eb uljen e temperatur\u00ebs, \u00ebsht\u00eb hermetik por lejon p\u00ebrshkueshm\u00ebrin\u00eb nga avujt.<\/p>\n<p>###<\/p>\n<p><strong>Izolim lokal i plasaritjeve<br \/>\n<\/strong><br \/>\nFillimisht, aplikojm\u00eb astarin Hidro Primer n\u00eb sip\u00ebrfaqet e d\u00ebmtuara, si dhe n\u00eb nj\u00eb rreze 10 cm p\u00ebrgjat\u00eb \u00e7do plasaritjeje.<br data-start=\"327\" data-end=\"330\" \/>Pasi t\u00eb jet\u00eb thar\u00eb plot\u00ebsisht astari, vazhdojm\u00eb me aplikimin e dor\u00ebs s\u00eb par\u00eb t\u00eb hidroizoluesit.<\/p>\n<p><strong>KONSUMI<\/strong><br \/>\n0.8 -1 kg \/ m2<\/p>\n<p><strong>PAKETIMI<\/strong><br \/>\nKova plastike 5Kg \/ 15Kg<\/p>\n<p>###<\/p>\n<p>P\u00ebr m\u00eb shum\u00eb produkte hidroizolues, <a href=\"https:\/\/deutschcolor.com\/al\/product-category\/hidroizolues\/\">kliko k\u00ebtu<\/a>. P\u00ebr t\u00eb par\u00eb kompanit\u00eb partnere, <a href=\"https:\/\/deutschcolor.com\/al\/\">kliko k\u00ebtu<\/a>.<\/p>\n","protected":false},"excerpt":{"rendered":"<p>IZODICHT PU \u00ebsht\u00eb nj\u00eb material lyer\u00ebs hidroizolues p\u00ebr tarraca, me p\u00ebrmbajtje t\u00eb lart\u00eb rezinash elastomerike.<\/p>\n","protected":false},"featured_media":24668,"comment_status":"closed","ping_status":"closed","template":"","meta":{"_glsr_average":0,"_glsr_ranking":0,"_glsr_reviews":0},"class_list":["post-24667","product","type-product","status-publish","has-post-thumbnail","hentry","product_cat-hidroizolues","product_cat-produkt-hidroizolues-njekomponentesh-gati-per-perdorim"],"yoast_head":"<!-- This site is optimized with the Yoast SEO plugin v15.0 - https:\/\/yoast.com\/wordpress\/plugins\/seo\/ -->\n<title>P\u00ebrdoret p\u00ebr Izolim Termik n\u00eb Terraca - Izodicht Pu - Deutsch Color<\/title>\n<meta name=\"description\" content=\"Izodicht Pu p\u00ebrdoret p\u00ebr izolim n\u00eb terraca, ballkone, mure dhe vende me lag\u00ebshti. Aplikohet leht\u00ebsisht, zgjedhje profesionare.\" \/>\n<meta name=\"robots\" content=\"index, follow, max-snippet:-1, max-image-preview:large, max-video-preview:-1\" \/>\n<link rel=\"canonical\" href=\"https:\/\/deutschcolor.com\/al\/product\/izodicht-pu\/\" \/>\n<meta property=\"og:locale\" content=\"en_US\" \/>\n<meta property=\"og:type\" content=\"article\" \/>\n<meta property=\"og:title\" content=\"P\u00ebrdoret p\u00ebr Izolim Termik n\u00eb Terraca - Izodicht Pu - Deutsch Color\" \/>\n<meta property=\"og:description\" content=\"Izodicht Pu p\u00ebrdoret p\u00ebr izolim n\u00eb terraca, ballkone, mure dhe vende me lag\u00ebshti. Aplikohet leht\u00ebsisht, zgjedhje profesionare.\" \/>\n<meta property=\"og:url\" content=\"https:\/\/deutschcolor.com\/al\/product\/izodicht-pu\/\" \/>\n<meta property=\"og:site_name\" content=\"Deutschcolor\" \/>\n<meta property=\"article:publisher\" content=\"https:\/\/www.facebook.com\/deutschcolorofficial\" \/>\n<meta property=\"article:modified_time\" content=\"2025-04-09T14:19:11+00:00\" \/>\n<meta property=\"og:image\" content=\"https:\/\/deutschcolor.com\/al\/wp-content\/uploads\/2019\/12\/Izodicht-PU-min.png\" \/>\n\t<meta property=\"og:image:width\" content=\"1000\" \/>\n\t<meta property=\"og:image:height\" content=\"1000\" \/>\n<meta name=\"twitter:card\" content=\"summary_large_image\" \/>\n<script type=\"application\/ld+json\" class=\"yoast-schema-graph\">{\"@context\":\"https:\/\/schema.org\",\"@graph\":[{\"@type\":\"WebSite\",\"@id\":\"https:\/\/deutschcolor.com\/al\/#website\",\"url\":\"https:\/\/deutschcolor.com\/al\/\",\"name\":\"Deutschcolor\",\"description\":\"Deutschcolor Albania\",\"potentialAction\":[{\"@type\":\"SearchAction\",\"target\":\"https:\/\/deutschcolor.com\/al\/?s={search_term_string}\",\"query-input\":\"required name=search_term_string\"}],\"inLanguage\":\"en-US\"},{\"@type\":\"ImageObject\",\"@id\":\"https:\/\/deutschcolor.com\/al\/product\/izodicht-pu\/#primaryimage\",\"inLanguage\":\"en-US\",\"url\":\"https:\/\/deutschcolor.com\/al\/wp-content\/uploads\/2019\/12\/Izodicht-PU-min.png\",\"width\":1000,\"height\":1000,\"caption\":\"Izodicht Pu p\\u00ebrdoret p\\u00ebr izolim n\\u00eb terraca, ballkone, mure dhe vende me lag\\u00ebshti.\"},{\"@type\":\"WebPage\",\"@id\":\"https:\/\/deutschcolor.com\/al\/product\/izodicht-pu\/#webpage\",\"url\":\"https:\/\/deutschcolor.com\/al\/product\/izodicht-pu\/\",\"name\":\"P\\u00ebrdoret p\\u00ebr Izolim Termik n\\u00eb Terraca - Izodicht Pu - Deutsch Color\",\"isPartOf\":{\"@id\":\"https:\/\/deutschcolor.com\/al\/#website\"},\"primaryImageOfPage\":{\"@id\":\"https:\/\/deutschcolor.com\/al\/product\/izodicht-pu\/#primaryimage\"},\"datePublished\":\"2019-12-27T09:09:05+00:00\",\"dateModified\":\"2025-04-09T14:19:11+00:00\",\"description\":\"Izodicht Pu p\\u00ebrdoret p\\u00ebr izolim n\\u00eb terraca, ballkone, mure dhe vende me lag\\u00ebshti. Aplikohet leht\\u00ebsisht, zgjedhje profesionare.\",\"breadcrumb\":{\"@id\":\"https:\/\/deutschcolor.com\/al\/product\/izodicht-pu\/#breadcrumb\"},\"inLanguage\":\"en-US\",\"potentialAction\":[{\"@type\":\"ReadAction\",\"target\":[\"https:\/\/deutschcolor.com\/al\/product\/izodicht-pu\/\"]}]},{\"@type\":\"BreadcrumbList\",\"@id\":\"https:\/\/deutschcolor.com\/al\/product\/izodicht-pu\/#breadcrumb\",\"itemListElement\":[{\"@type\":\"ListItem\",\"position\":1,\"item\":{\"@type\":\"WebPage\",\"@id\":\"https:\/\/deutschcolor.com\/al\/\",\"url\":\"https:\/\/deutschcolor.com\/al\/\",\"name\":\"Home\"}},{\"@type\":\"ListItem\",\"position\":2,\"item\":{\"@type\":\"WebPage\",\"@id\":\"https:\/\/deutschcolor.com\/al\/shop\/\",\"url\":\"https:\/\/deutschcolor.com\/al\/shop\/\",\"name\":\"SHOP\"}},{\"@type\":\"ListItem\",\"position\":3,\"item\":{\"@type\":\"WebPage\",\"@id\":\"https:\/\/deutschcolor.com\/al\/product-category\/hidroizolues\/\",\"url\":\"https:\/\/deutschcolor.com\/al\/product-category\/hidroizolues\/\",\"name\":\"Hidroizolues\"}},{\"@type\":\"ListItem\",\"position\":4,\"item\":{\"@type\":\"WebPage\",\"@id\":\"https:\/\/deutschcolor.com\/al\/product-category\/hidroizolues\/produkt-hidroizolues-njekomponentesh-gati-per-perdorim\/\",\"url\":\"https:\/\/deutschcolor.com\/al\/product-category\/hidroizolues\/produkt-hidroizolues-njekomponentesh-gati-per-perdorim\/\",\"name\":\"3.3. Produkt hidroizolues nj\\u00ebkomponent\\u00ebsh gati p\\u00ebr p\\u00ebrdorim\"}},{\"@type\":\"ListItem\",\"position\":5,\"item\":{\"@type\":\"WebPage\",\"@id\":\"https:\/\/deutschcolor.com\/al\/product\/izodicht-pu\/\",\"url\":\"https:\/\/deutschcolor.com\/al\/product\/izodicht-pu\/\",\"name\":\"IZODICHT PU\"}}]}]}<\/script>\n<!-- \/ Yoast SEO plugin. -->","_links":{"self":[{"href":"https:\/\/deutschcolor.com\/al\/wp-json\/wp\/v2\/product\/24667","targetHints":{"allow":["GET"]}}],"collection":[{"href":"https:\/\/deutschcolor.com\/al\/wp-json\/wp\/v2\/product"}],"about":[{"href":"https:\/\/deutschcolor.com\/al\/wp-json\/wp\/v2\/types\/product"}],"replies":[{"embeddable":true,"href":"https:\/\/deutschcolor.com\/al\/wp-json\/wp\/v2\/comments?post=24667"}],"wp:featuredmedia":[{"embeddable":true,"href":"https:\/\/deutschcolor.com\/al\/wp-json\/wp\/v2\/media\/24668"}],"wp:attachment":[{"href":"https:\/\/deutschcolor.com\/al\/wp-json\/wp\/v2\/media?parent=24667"}],"curies":[{"name":"wp","href":"https:\/\/api.w.org\/{rel}","templated":true}]}}