{"id":24758,"date":"2019-12-27T10:43:22","date_gmt":"2019-12-27T10:43:22","guid":{"rendered":"https:\/\/deutschcolor.com\/al\/?post_type=product&#038;p=24758"},"modified":"2025-02-26T08:04:58","modified_gmt":"2025-02-26T08:04:58","slug":"acr-primer","status":"publish","type":"product","link":"https:\/\/deutschcolor.com\/al\/product\/acr-primer\/","title":{"rendered":"ACR PRIMER"},"content":{"rendered":"<p><strong>KARAKTERISTIKAT<\/strong><br \/>\nACR PRIMER mund t\u00eb aplikohet si nj\u00eb astar riforcues dhe mbrojt\u00ebs i aliazheve t\u00eb hekurit, \u00e7elikut ndaj korrozionit, ndryshkut, duke vepruar si nj\u00eb shtres\u00eb lidh\u00ebse midis betonit t\u00eb vjet\u00ebr dhe atij t\u00eb riparuar.<\/p>\n<p><strong>REKOMANDIME P\u00cbR P\u00cbRDORIM<\/strong><br \/>\n\u2022 P\u00ebr t\u00eb mbrojtur \u00e7elikun n\u00eb struktur\u00ebn nd\u00ebrtimore gjat\u00eb riparimeve t\u00eb mundshme t\u00eb strukturave t\u00eb betoneve q\u00eb jan\u00eb d\u00ebmtuar si pasoj\u00eb e karbonizimit, t\u00ebrmeteve, etj.<br \/>\n\u2022 P\u00ebr t\u00eb mbrojtur \u00e7elikun n\u00eb struktura t\u00eb cilat paramendohet t\u00eb punohet n\u00eb kushte atmosferike t\u00eb lag\u00ebshta.<br \/>\n###<br \/>\n<strong>KARAKTERISTIKAT<\/strong><br \/>\n\u2022 Efektiviteti i lart\u00eb ndaj korrozionit<br \/>\n\u2022 Veti t\u00eb mira mekanike<br \/>\n\u2022 I leht\u00eb n\u00eb aplikim<br \/>\n\u2022 Lejon betonin t\u00eb kryej\u00eb nj\u00eb frym\u00ebmarrje natyrale<br \/>\n\u2022 Nuk ka p\u00ebrmbajtje t\u00eb l\u00ebnd\u00ebve volatile<br \/>\n\u2022 Jo inflamator, miq\u00ebsor me mjedisin dhe aplikuesin.<\/p>\n<p><strong>KONSUMI<\/strong><br \/>\n0.2 &#8211; 0.25 kg\/m2<\/p>\n<p><strong>PAKETIMI<\/strong><br \/>\nKova plastike 3Kg<\/p>\n","protected":false},"excerpt":{"rendered":"<p>Astar antikorrodues me baz\u00eb \u00e7imentoje, riforcues i aliazheve t\u00eb hekurit n\u00eb strukturat nd\u00ebrtimore.<\/p>\n","protected":false},"featured_media":24759,"comment_status":"closed","ping_status":"closed","template":"","meta":{"_glsr_average":0,"_glsr_ranking":0,"_glsr_reviews":0},"class_list":["post-24758","product","type-product","status-publish","has-post-thumbnail","hentry","product_cat-5-5-astar","product_cat-llac"],"yoast_head":"<!-- This site is optimized with the Yoast SEO plugin v15.0 - https:\/\/yoast.com\/wordpress\/plugins\/seo\/ -->\n<title>ACR PRIMER - Lla\u00e7 dhe suvatime - Deutsch Color - Strukturat nd\u00ebrtimore.<\/title>\n<meta name=\"description\" content=\"Lla\u00e7 dhe suvatime. Primer bazuar n\u00eb \u00e7imento, jo-korrosiv, forcon aliazhet e hekurit n\u00eb strukturat nd\u00ebrtimore.\" \/>\n<meta name=\"robots\" content=\"index, follow, max-snippet:-1, max-image-preview:large, max-video-preview:-1\" \/>\n<link rel=\"canonical\" href=\"https:\/\/deutschcolor.com\/al\/product\/acr-primer\/\" \/>\n<meta property=\"og:locale\" content=\"en_US\" \/>\n<meta property=\"og:type\" content=\"article\" \/>\n<meta property=\"og:title\" content=\"ACR PRIMER - Lla\u00e7 dhe suvatime - Deutsch Color - Strukturat nd\u00ebrtimore.\" \/>\n<meta property=\"og:description\" content=\"Lla\u00e7 dhe suvatime. Primer bazuar n\u00eb \u00e7imento, jo-korrosiv, forcon aliazhet e hekurit n\u00eb strukturat nd\u00ebrtimore.\" \/>\n<meta property=\"og:url\" content=\"https:\/\/deutschcolor.com\/al\/product\/acr-primer\/\" \/>\n<meta property=\"og:site_name\" content=\"Deutschcolor\" \/>\n<meta property=\"article:publisher\" content=\"https:\/\/www.facebook.com\/deutschcolorofficial\" \/>\n<meta property=\"article:modified_time\" content=\"2025-02-26T08:04:58+00:00\" \/>\n<meta property=\"og:image\" content=\"https:\/\/deutschcolor.com\/al\/wp-content\/uploads\/2019\/12\/ACR-Primer-min.png\" \/>\n\t<meta property=\"og:image:width\" content=\"1000\" \/>\n\t<meta property=\"og:image:height\" content=\"1000\" \/>\n<meta name=\"twitter:card\" content=\"summary_large_image\" \/>\n<script type=\"application\/ld+json\" class=\"yoast-schema-graph\">{\"@context\":\"https:\/\/schema.org\",\"@graph\":[{\"@type\":\"WebSite\",\"@id\":\"https:\/\/deutschcolor.com\/al\/#website\",\"url\":\"https:\/\/deutschcolor.com\/al\/\",\"name\":\"Deutschcolor\",\"description\":\"Deutschcolor Albania\",\"potentialAction\":[{\"@type\":\"SearchAction\",\"target\":\"https:\/\/deutschcolor.com\/al\/?s={search_term_string}\",\"query-input\":\"required name=search_term_string\"}],\"inLanguage\":\"en-US\"},{\"@type\":\"ImageObject\",\"@id\":\"https:\/\/deutschcolor.com\/al\/product\/acr-primer\/#primaryimage\",\"inLanguage\":\"en-US\",\"url\":\"https:\/\/deutschcolor.com\/al\/wp-content\/uploads\/2019\/12\/ACR-Primer-min.png\",\"width\":1000,\"height\":1000},{\"@type\":\"WebPage\",\"@id\":\"https:\/\/deutschcolor.com\/al\/product\/acr-primer\/#webpage\",\"url\":\"https:\/\/deutschcolor.com\/al\/product\/acr-primer\/\",\"name\":\"ACR PRIMER - Lla\\u00e7 dhe suvatime - Deutsch Color - Strukturat nd\\u00ebrtimore.\",\"isPartOf\":{\"@id\":\"https:\/\/deutschcolor.com\/al\/#website\"},\"primaryImageOfPage\":{\"@id\":\"https:\/\/deutschcolor.com\/al\/product\/acr-primer\/#primaryimage\"},\"datePublished\":\"2019-12-27T10:43:22+00:00\",\"dateModified\":\"2025-02-26T08:04:58+00:00\",\"description\":\"Lla\\u00e7 dhe suvatime. Primer bazuar n\\u00eb \\u00e7imento, jo-korrosiv, forcon aliazhet e hekurit n\\u00eb strukturat nd\\u00ebrtimore.\",\"breadcrumb\":{\"@id\":\"https:\/\/deutschcolor.com\/al\/product\/acr-primer\/#breadcrumb\"},\"inLanguage\":\"en-US\",\"potentialAction\":[{\"@type\":\"ReadAction\",\"target\":[\"https:\/\/deutschcolor.com\/al\/product\/acr-primer\/\"]}]},{\"@type\":\"BreadcrumbList\",\"@id\":\"https:\/\/deutschcolor.com\/al\/product\/acr-primer\/#breadcrumb\",\"itemListElement\":[{\"@type\":\"ListItem\",\"position\":1,\"item\":{\"@type\":\"WebPage\",\"@id\":\"https:\/\/deutschcolor.com\/al\/\",\"url\":\"https:\/\/deutschcolor.com\/al\/\",\"name\":\"Home\"}},{\"@type\":\"ListItem\",\"position\":2,\"item\":{\"@type\":\"WebPage\",\"@id\":\"https:\/\/deutschcolor.com\/al\/shop\/\",\"url\":\"https:\/\/deutschcolor.com\/al\/shop\/\",\"name\":\"SHOP\"}},{\"@type\":\"ListItem\",\"position\":3,\"item\":{\"@type\":\"WebPage\",\"@id\":\"https:\/\/deutschcolor.com\/al\/product-category\/llac\/\",\"url\":\"https:\/\/deutschcolor.com\/al\/product-category\/llac\/\",\"name\":\"Lla\\u00e7\"}},{\"@type\":\"ListItem\",\"position\":4,\"item\":{\"@type\":\"WebPage\",\"@id\":\"https:\/\/deutschcolor.com\/al\/product-category\/llac\/5-5-astar\/\",\"url\":\"https:\/\/deutschcolor.com\/al\/product-category\/llac\/5-5-astar\/\",\"name\":\"5.5 Astar\"}},{\"@type\":\"ListItem\",\"position\":5,\"item\":{\"@type\":\"WebPage\",\"@id\":\"https:\/\/deutschcolor.com\/al\/product\/acr-primer\/\",\"url\":\"https:\/\/deutschcolor.com\/al\/product\/acr-primer\/\",\"name\":\"ACR PRIMER\"}}]}]}<\/script>\n<!-- \/ Yoast SEO plugin. -->","_links":{"self":[{"href":"https:\/\/deutschcolor.com\/al\/wp-json\/wp\/v2\/product\/24758","targetHints":{"allow":["GET"]}}],"collection":[{"href":"https:\/\/deutschcolor.com\/al\/wp-json\/wp\/v2\/product"}],"about":[{"href":"https:\/\/deutschcolor.com\/al\/wp-json\/wp\/v2\/types\/product"}],"replies":[{"embeddable":true,"href":"https:\/\/deutschcolor.com\/al\/wp-json\/wp\/v2\/comments?post=24758"}],"wp:featuredmedia":[{"embeddable":true,"href":"https:\/\/deutschcolor.com\/al\/wp-json\/wp\/v2\/media\/24759"}],"wp:attachment":[{"href":"https:\/\/deutschcolor.com\/al\/wp-json\/wp\/v2\/media?parent=24758"}],"curies":[{"name":"wp","href":"https:\/\/api.w.org\/{rel}","templated":true}]}}