{"id":24764,"date":"2019-12-27T10:48:06","date_gmt":"2019-12-27T10:48:06","guid":{"rendered":"https:\/\/deutschcolor.com\/al\/?post_type=product&#038;p=24764"},"modified":"2025-08-05T06:31:33","modified_gmt":"2025-08-05T06:31:33","slug":"admix-s2-aftesine-ngjitese","status":"publish","type":"product","link":"https:\/\/deutschcolor.com\/al\/product\/admix-s2-aftesine-ngjitese\/","title":{"rendered":"ADMIX S2"},"content":{"rendered":"<p><strong>KARAKTERISTIKAT<\/strong><br \/>\nADMIX S2 \u00ebsht\u00eb nj\u00eb p\u00ebrzierje me <a href=\"https:\/\/sq.wikipedia.org\/wiki\/Akrili\">baz\u00eb akrilike<\/a> i cili p\u00ebrmir\u00ebson ndjesh\u00ebm vetit\u00eb e <a href=\"https:\/\/deutschcolor.com\/al\/product-category\/ngjites\/\">ngjit\u00ebse<\/a> dhe stukove t\u00eb <a href=\"https:\/\/delta.al\/product-category\/pllaka\/\" target=\"_blank\" rel=\"noopener\">pllakave<\/a>:<br \/>\n1 Rrit ndjesh\u00ebm <a href=\"https:\/\/deutschcolor.com\/al\/product-category\/ngjites\/\">aft\u00ebsin\u00eb ngjit\u00ebse<\/a> me suportin.<br \/>\n2 Rrit forc\u00ebn n\u00eb p\u00ebrkulje dhe shtypje.<br \/>\n3 P\u00ebrmir\u00ebson ndjesh\u00ebm fleksibilitetin.<br \/>\n4 Rrit ndjesh\u00ebm rezistenc\u00ebn ndaj g\u00ebrryerjeve dhe f\u00ebrkimeve.<br \/>\n5 I jep produktit pap\u00ebrshkueshm\u00ebri ndaj ujit.<br \/>\n6 P\u00ebrmir\u00ebson rezistenc\u00ebn kimike ndaj agjent\u00ebve atmosferik\u00eb.<br \/>\n###<br \/>\n<strong>JET\u00cbGJAT\u00cbSIA DHE RUAJTJA<\/strong><br \/>\n18 muaj n\u00eb qoft\u00eb se ruhet n\u00eb paketim origjinal, i pahapur, n\u00eb temperatura midis +5\u00b0C dhe +35\u00b0C. T\u00eb mbrohet nga ekspozimi direkt n\u00eb diell dhe nga ngricat.<\/p>\n<p><strong>KONSUMI<\/strong><br \/>\n1 &#8211; 3 kg\/ 25Kg<\/p>\n<p><strong>PAKETIMI<\/strong><br \/>\nBidona plastik 1Kg \/ 5Kg \/ 10Kg<\/p>\n","protected":false},"excerpt":{"rendered":"<p>Adetiv p\u00ebr ngjit\u00ebse e linj\u00ebs FM dhe stukot e <a href=\"https:\/\/delta.al\/product-category\/pllaka\/\" target=\"_blank\" rel=\"noopener\">pllakave<\/a> (INTENSE, MAXI FUGEN)<\/p>\n","protected":false},"featured_media":24765,"comment_status":"closed","ping_status":"closed","template":"","meta":{"_glsr_average":0,"_glsr_ranking":0,"_glsr_reviews":0},"class_list":["post-24764","product","type-product","status-publish","has-post-thumbnail","hentry","product_cat-aditive","product_cat-aditive-per-llac"],"yoast_head":"<!-- This site is optimized with the Yoast SEO plugin v15.0 - https:\/\/yoast.com\/wordpress\/plugins\/seo\/ -->\n<title>Admix S2 - Rrit Ndjesh\u00ebm Aft\u00ebsin\u00eb Ngjit\u00ebse me Suportin - Deutsch Color<\/title>\n<meta name=\"description\" content=\"Admix S2 p\u00ebrdoret si nj\u00eb aditiv p\u00ebrforcues p\u00ebr ngjit\u00ebse dhe stucet e pllakave. Admix S2 rrit ndjesh\u00ebm aft\u00ebsin\u00eb ngjit\u00ebse me suportin.\" \/>\n<meta name=\"robots\" content=\"index, follow, max-snippet:-1, max-image-preview:large, max-video-preview:-1\" \/>\n<link rel=\"canonical\" href=\"https:\/\/deutschcolor.com\/al\/product\/admix-s2-aftesine-ngjitese\/\" \/>\n<meta property=\"og:locale\" content=\"en_US\" \/>\n<meta property=\"og:type\" content=\"article\" \/>\n<meta property=\"og:title\" content=\"Admix S2 - Rrit Ndjesh\u00ebm Aft\u00ebsin\u00eb Ngjit\u00ebse me Suportin - Deutsch Color\" \/>\n<meta property=\"og:description\" content=\"Admix S2 p\u00ebrdoret si nj\u00eb aditiv p\u00ebrforcues p\u00ebr ngjit\u00ebse dhe stucet e pllakave. Admix S2 rrit ndjesh\u00ebm aft\u00ebsin\u00eb ngjit\u00ebse me suportin.\" \/>\n<meta property=\"og:url\" content=\"https:\/\/deutschcolor.com\/al\/product\/admix-s2-aftesine-ngjitese\/\" \/>\n<meta property=\"og:site_name\" content=\"Deutschcolor\" \/>\n<meta property=\"article:publisher\" content=\"https:\/\/www.facebook.com\/deutschcolorofficial\" \/>\n<meta property=\"article:modified_time\" content=\"2025-08-05T06:31:33+00:00\" \/>\n<meta property=\"og:image\" content=\"https:\/\/deutschcolor.com\/al\/wp-content\/uploads\/2019\/12\/admix-S2-min.png\" \/>\n\t<meta property=\"og:image:width\" content=\"1000\" \/>\n\t<meta property=\"og:image:height\" content=\"1000\" \/>\n<meta name=\"twitter:card\" content=\"summary_large_image\" \/>\n<script type=\"application\/ld+json\" class=\"yoast-schema-graph\">{\"@context\":\"https:\/\/schema.org\",\"@graph\":[{\"@type\":\"WebSite\",\"@id\":\"https:\/\/deutschcolor.com\/al\/#website\",\"url\":\"https:\/\/deutschcolor.com\/al\/\",\"name\":\"Deutschcolor\",\"description\":\"Deutschcolor Albania\",\"potentialAction\":[{\"@type\":\"SearchAction\",\"target\":\"https:\/\/deutschcolor.com\/al\/?s={search_term_string}\",\"query-input\":\"required name=search_term_string\"}],\"inLanguage\":\"en-US\"},{\"@type\":\"ImageObject\",\"@id\":\"https:\/\/deutschcolor.com\/al\/product\/admix-s2-aftesine-ngjitese\/#primaryimage\",\"inLanguage\":\"en-US\",\"url\":\"https:\/\/deutschcolor.com\/al\/wp-content\/uploads\/2019\/12\/admix-S2-min.png\",\"width\":1000,\"height\":1000,\"caption\":\"Rrit Ndjesh\\u00ebm Aft\\u00ebsin\\u00eb Ngjit\\u00ebse me Suportin - nga Deutsch Color\"},{\"@type\":\"WebPage\",\"@id\":\"https:\/\/deutschcolor.com\/al\/product\/admix-s2-aftesine-ngjitese\/#webpage\",\"url\":\"https:\/\/deutschcolor.com\/al\/product\/admix-s2-aftesine-ngjitese\/\",\"name\":\"Admix S2 - Rrit Ndjesh\\u00ebm Aft\\u00ebsin\\u00eb Ngjit\\u00ebse me Suportin - Deutsch Color\",\"isPartOf\":{\"@id\":\"https:\/\/deutschcolor.com\/al\/#website\"},\"primaryImageOfPage\":{\"@id\":\"https:\/\/deutschcolor.com\/al\/product\/admix-s2-aftesine-ngjitese\/#primaryimage\"},\"datePublished\":\"2019-12-27T10:48:06+00:00\",\"dateModified\":\"2025-08-05T06:31:33+00:00\",\"description\":\"Admix S2 p\\u00ebrdoret si nj\\u00eb aditiv p\\u00ebrforcues p\\u00ebr ngjit\\u00ebse dhe stucet e pllakave. Admix S2 rrit ndjesh\\u00ebm aft\\u00ebsin\\u00eb ngjit\\u00ebse me suportin.\",\"breadcrumb\":{\"@id\":\"https:\/\/deutschcolor.com\/al\/product\/admix-s2-aftesine-ngjitese\/#breadcrumb\"},\"inLanguage\":\"en-US\",\"potentialAction\":[{\"@type\":\"ReadAction\",\"target\":[\"https:\/\/deutschcolor.com\/al\/product\/admix-s2-aftesine-ngjitese\/\"]}]},{\"@type\":\"BreadcrumbList\",\"@id\":\"https:\/\/deutschcolor.com\/al\/product\/admix-s2-aftesine-ngjitese\/#breadcrumb\",\"itemListElement\":[{\"@type\":\"ListItem\",\"position\":1,\"item\":{\"@type\":\"WebPage\",\"@id\":\"https:\/\/deutschcolor.com\/al\/\",\"url\":\"https:\/\/deutschcolor.com\/al\/\",\"name\":\"Home\"}},{\"@type\":\"ListItem\",\"position\":2,\"item\":{\"@type\":\"WebPage\",\"@id\":\"https:\/\/deutschcolor.com\/al\/shop\/\",\"url\":\"https:\/\/deutschcolor.com\/al\/shop\/\",\"name\":\"SHOP\"}},{\"@type\":\"ListItem\",\"position\":3,\"item\":{\"@type\":\"WebPage\",\"@id\":\"https:\/\/deutschcolor.com\/al\/product-category\/aditive\/\",\"url\":\"https:\/\/deutschcolor.com\/al\/product-category\/aditive\/\",\"name\":\"Aditiv\\u00eb\"}},{\"@type\":\"ListItem\",\"position\":4,\"item\":{\"@type\":\"WebPage\",\"@id\":\"https:\/\/deutschcolor.com\/al\/product-category\/aditive\/aditive-per-llac\/\",\"url\":\"https:\/\/deutschcolor.com\/al\/product-category\/aditive\/aditive-per-llac\/\",\"name\":\"6.1. Aditiv\\u00eb p\\u00ebr lla\\u00e7\"}},{\"@type\":\"ListItem\",\"position\":5,\"item\":{\"@type\":\"WebPage\",\"@id\":\"https:\/\/deutschcolor.com\/al\/product\/admix-s2-aftesine-ngjitese\/\",\"url\":\"https:\/\/deutschcolor.com\/al\/product\/admix-s2-aftesine-ngjitese\/\",\"name\":\"ADMIX S2\"}}]}]}<\/script>\n<!-- \/ Yoast SEO plugin. -->","_links":{"self":[{"href":"https:\/\/deutschcolor.com\/al\/wp-json\/wp\/v2\/product\/24764","targetHints":{"allow":["GET"]}}],"collection":[{"href":"https:\/\/deutschcolor.com\/al\/wp-json\/wp\/v2\/product"}],"about":[{"href":"https:\/\/deutschcolor.com\/al\/wp-json\/wp\/v2\/types\/product"}],"replies":[{"embeddable":true,"href":"https:\/\/deutschcolor.com\/al\/wp-json\/wp\/v2\/comments?post=24764"}],"wp:featuredmedia":[{"embeddable":true,"href":"https:\/\/deutschcolor.com\/al\/wp-json\/wp\/v2\/media\/24765"}],"wp:attachment":[{"href":"https:\/\/deutschcolor.com\/al\/wp-json\/wp\/v2\/media?parent=24764"}],"curies":[{"name":"wp","href":"https:\/\/api.w.org\/{rel}","templated":true}]}}