{"id":24766,"date":"2019-12-27T10:49:28","date_gmt":"2019-12-27T10:49:28","guid":{"rendered":"https:\/\/deutschcolor.com\/al\/?post_type=product&#038;p=24766"},"modified":"2025-05-13T06:32:51","modified_gmt":"2025-05-13T06:32:51","slug":"latex","status":"publish","type":"product","link":"https:\/\/deutschcolor.com\/al\/product\/latex\/","title":{"rendered":"LATEX"},"content":{"rendered":"<p><strong>P\u00cbRSHKRIMI<\/strong><br \/>\nLatex \u00ebsht\u00eb nj\u00eb polimer sintetik, p\u00ebr p\u00ebrmir\u00ebsimin e lla\u00e7rave me baz\u00eb \u00e7imento dhe shtresash betoni.<\/p>\n<p><strong>KARAKTERISTIKAT<\/strong><br \/>\n1 P\u00ebrdoret si shtres\u00eb lidh\u00ebse nd\u00ebrmjet <a href=\"https:\/\/deutschcolor.com\/al\/product-category\/llac\/\">betonit<\/a> t\u00eb vjet\u00ebr dhe t\u00eb ri ose lla\u00e7it.<br \/>\n2 P\u00ebrdoret p\u00ebr p\u00ebrmir\u00ebsimin e lla\u00e7it dhe rifiniturave me baz\u00eb \u00e7imento dhe g\u00eblqereje.<br \/>\n3 Rrit ngjitshm\u00ebrin\u00eb e lla\u00e7rave dhe pap\u00ebrshkueshm\u00ebrin\u00eb nga uji.<br \/>\n4 P\u00ebrdoret p\u00ebr lla\u00e7rat hidroizolues me baz\u00eb \u00e7imento duke siguruar rezistenc\u00eb ndaj presionit hidrostatik.<br \/>\n5 P\u00ebrdoret p\u00ebr p\u00ebrmir\u00ebsimin e rezistenc\u00ebs s\u00eb lla\u00e7rave t\u00eb themeleve.<br \/>\n6 P\u00ebrmir\u00ebson ndjesh\u00ebm aft\u00ebsin\u00eb ngjit\u00ebse t\u00eb kollrave, dhe rifiniturave.<br \/>\n7 Mbron sip\u00ebrfaqet e betonit nga dehidratimi.<br \/>\n8 P\u00ebrdorimi i Latex rrit ndjesh\u00ebm ngjitshm\u00ebrin\u00eb, rezistenc\u00ebn mekanike, elasticitetin dhe pap\u00ebrshkueshm\u00ebrin\u00eb nga uji t\u00eb produkteve t\u00eb nd\u00ebrtimit me baz\u00eb \u00e7imento.<br \/>\n###<br \/>\n<strong>JET\u00cbGJAT\u00cbSIA DHE RUAJTJA<\/strong><br \/>\n18 muaj n\u00eb qoft\u00eb se ruhet n\u00eb paketim origjinal, i pahapur, n\u00eb temperatura midis +5\u00b0C dhe +35\u00b0C. T\u00eb mbrohet nga ekspozimi direkt n\u00eb diell dhe nga ngricat.<\/p>\n<p><strong>KONSUMI<\/strong><br \/>\n1 &#8211; 3 kg\/ 25Kg<\/p>\n<p><strong>PAKETIMI<\/strong><br \/>\nBidona plastik 1Kg \/ 5Kg \/ 10Kg<\/p>\n<p>###<\/p>\n<p>Latex \u00ebsht\u00eb adetiv p\u00ebr p\u00ebrmir\u00ebsimin e lla\u00e7rave me baz\u00eb \u00e7imentoje p\u00ebr me shum\u00eb produkte <a href=\"https:\/\/deutschcolor.com\/al\/shop\/\" target=\"_blank\" rel=\"noopener\">kliko ketu<\/a>. Gjithashtu operojme si me partneret tane <a href=\"https:\/\/deltacorporation.eu\/\">Delta Corporation<\/a>.<\/p>\n","protected":false},"excerpt":{"rendered":"<p>Latex \u00ebsht\u00eb adetiv p\u00ebr p\u00ebrmir\u00ebsimin e lla\u00e7rave me baz\u00eb \u00e7imentoje.<\/p>\n","protected":false},"featured_media":24767,"comment_status":"closed","ping_status":"closed","template":"","meta":{"_glsr_average":0,"_glsr_ranking":0,"_glsr_reviews":0},"class_list":["post-24766","product","type-product","status-publish","has-post-thumbnail","hentry","product_cat-aditive","product_cat-aditive-per-llac"],"yoast_head":"<!-- This site is optimized with the Yoast SEO plugin v15.0 - https:\/\/yoast.com\/wordpress\/plugins\/seo\/ -->\n<title>Latex -P\u00ebrdoret si shtres\u00eb lidh\u00ebse - Deutsch Color -Zgjidhje juaj profesional<\/title>\n<meta name=\"description\" content=\"P\u00ebrdoret si shtres\u00eb lidh\u00ebse nd\u00ebrmjet betonit t\u00eb vjet\u00ebr dhe t\u00eb ri ose lla\u00e7it. Mbron sip\u00ebrfaqet e betonit nga dehidratimi.\" \/>\n<meta name=\"robots\" content=\"index, follow, max-snippet:-1, max-image-preview:large, max-video-preview:-1\" \/>\n<link rel=\"canonical\" href=\"https:\/\/deutschcolor.com\/al\/product\/latex\/\" \/>\n<meta property=\"og:locale\" content=\"en_US\" \/>\n<meta property=\"og:type\" content=\"article\" \/>\n<meta property=\"og:title\" content=\"Latex -P\u00ebrdoret si shtres\u00eb lidh\u00ebse - Deutsch Color -Zgjidhje juaj profesional\" \/>\n<meta property=\"og:description\" content=\"P\u00ebrdoret si shtres\u00eb lidh\u00ebse nd\u00ebrmjet betonit t\u00eb vjet\u00ebr dhe t\u00eb ri ose lla\u00e7it. Mbron sip\u00ebrfaqet e betonit nga dehidratimi.\" \/>\n<meta property=\"og:url\" content=\"https:\/\/deutschcolor.com\/al\/product\/latex\/\" \/>\n<meta property=\"og:site_name\" content=\"Deutschcolor\" \/>\n<meta property=\"article:publisher\" content=\"https:\/\/www.facebook.com\/deutschcolorofficial\" \/>\n<meta property=\"article:modified_time\" content=\"2025-05-13T06:32:51+00:00\" \/>\n<meta property=\"og:image\" content=\"https:\/\/deutschcolor.com\/al\/wp-content\/uploads\/2019\/12\/latex-min.png\" \/>\n\t<meta property=\"og:image:width\" content=\"1000\" \/>\n\t<meta property=\"og:image:height\" content=\"1000\" \/>\n<meta name=\"twitter:card\" content=\"summary_large_image\" \/>\n<script type=\"application\/ld+json\" class=\"yoast-schema-graph\">{\"@context\":\"https:\/\/schema.org\",\"@graph\":[{\"@type\":\"WebSite\",\"@id\":\"https:\/\/deutschcolor.com\/al\/#website\",\"url\":\"https:\/\/deutschcolor.com\/al\/\",\"name\":\"Deutschcolor\",\"description\":\"Deutschcolor Albania\",\"potentialAction\":[{\"@type\":\"SearchAction\",\"target\":\"https:\/\/deutschcolor.com\/al\/?s={search_term_string}\",\"query-input\":\"required name=search_term_string\"}],\"inLanguage\":\"en-US\"},{\"@type\":\"ImageObject\",\"@id\":\"https:\/\/deutschcolor.com\/al\/product\/latex\/#primaryimage\",\"inLanguage\":\"en-US\",\"url\":\"https:\/\/deutschcolor.com\/al\/wp-content\/uploads\/2019\/12\/latex-min.png\",\"width\":1000,\"height\":1000},{\"@type\":\"WebPage\",\"@id\":\"https:\/\/deutschcolor.com\/al\/product\/latex\/#webpage\",\"url\":\"https:\/\/deutschcolor.com\/al\/product\/latex\/\",\"name\":\"Latex -P\\u00ebrdoret si shtres\\u00eb lidh\\u00ebse - Deutsch Color -Zgjidhje juaj profesional\",\"isPartOf\":{\"@id\":\"https:\/\/deutschcolor.com\/al\/#website\"},\"primaryImageOfPage\":{\"@id\":\"https:\/\/deutschcolor.com\/al\/product\/latex\/#primaryimage\"},\"datePublished\":\"2019-12-27T10:49:28+00:00\",\"dateModified\":\"2025-05-13T06:32:51+00:00\",\"description\":\"P\\u00ebrdoret si shtres\\u00eb lidh\\u00ebse nd\\u00ebrmjet betonit t\\u00eb vjet\\u00ebr dhe t\\u00eb ri ose lla\\u00e7it. Mbron sip\\u00ebrfaqet e betonit nga dehidratimi.\",\"breadcrumb\":{\"@id\":\"https:\/\/deutschcolor.com\/al\/product\/latex\/#breadcrumb\"},\"inLanguage\":\"en-US\",\"potentialAction\":[{\"@type\":\"ReadAction\",\"target\":[\"https:\/\/deutschcolor.com\/al\/product\/latex\/\"]}]},{\"@type\":\"BreadcrumbList\",\"@id\":\"https:\/\/deutschcolor.com\/al\/product\/latex\/#breadcrumb\",\"itemListElement\":[{\"@type\":\"ListItem\",\"position\":1,\"item\":{\"@type\":\"WebPage\",\"@id\":\"https:\/\/deutschcolor.com\/al\/\",\"url\":\"https:\/\/deutschcolor.com\/al\/\",\"name\":\"Home\"}},{\"@type\":\"ListItem\",\"position\":2,\"item\":{\"@type\":\"WebPage\",\"@id\":\"https:\/\/deutschcolor.com\/al\/shop\/\",\"url\":\"https:\/\/deutschcolor.com\/al\/shop\/\",\"name\":\"SHOP\"}},{\"@type\":\"ListItem\",\"position\":3,\"item\":{\"@type\":\"WebPage\",\"@id\":\"https:\/\/deutschcolor.com\/al\/product-category\/aditive\/\",\"url\":\"https:\/\/deutschcolor.com\/al\/product-category\/aditive\/\",\"name\":\"Aditiv\\u00eb\"}},{\"@type\":\"ListItem\",\"position\":4,\"item\":{\"@type\":\"WebPage\",\"@id\":\"https:\/\/deutschcolor.com\/al\/product-category\/aditive\/aditive-per-llac\/\",\"url\":\"https:\/\/deutschcolor.com\/al\/product-category\/aditive\/aditive-per-llac\/\",\"name\":\"6.1. Aditiv\\u00eb p\\u00ebr lla\\u00e7\"}},{\"@type\":\"ListItem\",\"position\":5,\"item\":{\"@type\":\"WebPage\",\"@id\":\"https:\/\/deutschcolor.com\/al\/product\/latex\/\",\"url\":\"https:\/\/deutschcolor.com\/al\/product\/latex\/\",\"name\":\"LATEX\"}}]}]}<\/script>\n<!-- \/ Yoast SEO plugin. -->","_links":{"self":[{"href":"https:\/\/deutschcolor.com\/al\/wp-json\/wp\/v2\/product\/24766","targetHints":{"allow":["GET"]}}],"collection":[{"href":"https:\/\/deutschcolor.com\/al\/wp-json\/wp\/v2\/product"}],"about":[{"href":"https:\/\/deutschcolor.com\/al\/wp-json\/wp\/v2\/types\/product"}],"replies":[{"embeddable":true,"href":"https:\/\/deutschcolor.com\/al\/wp-json\/wp\/v2\/comments?post=24766"}],"wp:featuredmedia":[{"embeddable":true,"href":"https:\/\/deutschcolor.com\/al\/wp-json\/wp\/v2\/media\/24767"}],"wp:attachment":[{"href":"https:\/\/deutschcolor.com\/al\/wp-json\/wp\/v2\/media?parent=24766"}],"curies":[{"name":"wp","href":"https:\/\/api.w.org\/{rel}","templated":true}]}}