{"id":24778,"date":"2019-12-27T11:01:40","date_gmt":"2019-12-27T11:01:40","guid":{"rendered":"https:\/\/deutschcolor.com\/al\/?post_type=product&#038;p=24778"},"modified":"2025-03-13T11:55:12","modified_gmt":"2025-03-13T11:55:12","slug":"recret-b","status":"publish","type":"product","link":"https:\/\/deutschcolor.com\/al\/product\/recret-b\/","title":{"rendered":"RECRET B"},"content":{"rendered":"<p><strong>KARAKTERISTIKAT<\/strong><br \/>\nRECRET B \u00ebsht\u00eb nj\u00eb aditiv i l\u00ebngsh\u00ebm q\u00eb vonon tharjen e betonit, pra zgjat koh\u00ebn n\u00eb t\u00eb cil\u00ebn betoni ka plasticitet. N\u00eb t\u00eb nj\u00ebjt\u00ebn koh\u00eb redukton sasin\u00eb e ujit t\u00eb nevojsh\u00ebm p\u00ebr punu\u00ebshmerin\u00eb dhe nga mbajtja e q\u00ebndrueshme e sasis\u00eb s\u00eb ujit n\u00eb p\u00ebrzierje, p\u00ebrmir\u00ebson punueshm\u00ebrin\u00eb.<br \/>\n\u2022 P\u00ebrve\u00e7 koh\u00ebs s\u00eb tharjes, ai mund\u00ebson hidratim shum\u00eb t\u00eb mir\u00eb t\u00eb \u00e7imentos, duke rezultuar nj\u00eb rritje t\u00eb konsiderueshme t\u00eb rezistencave fillestare dhe p\u00ebrfundimtare t\u00eb betonit.<br \/>\n\u2022 Ngadal\u00ebson mpiksjen e betonit dhe parandalon ndarjen e agregat\u00ebve<br \/>\n\u2022 Parandalon duksh\u00ebm plasaritjet q\u00eb vijn\u00eb si pasoj\u00eb e tkurrjeve t\u00eb betonit.<br \/>\n\u2022 Zvog\u00eblon absorbueshm\u00ebrin\u00eb e ujit n\u00eb beton p\u00ebr shkak t\u00eb reduktimit t\u00eb porozitetit. RECRET B \u00ebsht\u00eb nj\u00eb shtes\u00eb e domosdoshme n\u00eb p\u00ebrgatitjen me cil\u00ebsi t\u00eb lart\u00eb t\u00eb betonit.<br \/>\n\u2022 P\u00ebrmir\u00ebson rrjedhshm\u00ebrin\u00eb e betonit dhe ngadal\u00ebson tharjen.<br \/>\n\u2022 Leht\u00ebson transportimin e betonit t\u00eb gatsh\u00ebm n\u00eb distanca t\u00eb gjata, ve\u00e7an\u00ebrisht n\u00eb temperatura t\u00eb larta.<br \/>\n\u2022 Zhvillimi i forcimit nuk shkakton vonesa n\u00eb heqjen e formave t\u00eb drurit.<br \/>\n\u2022 N\u00eb p\u00ebrputhje me standardin ELOT EN 934 &#8211; 2:2001, Tabela 10.<br \/>\n\u2022 Ulja e sasis\u00eb s\u00eb ujit n\u00eb p\u00ebrzierje p\u00ebr p\u00ebrgatitjen e betonit me karakteristika t\u00eb caktuara e arritur me shtimin e RECRET B, lejon uljen e sasis\u00eb se \u00e7imentos me t\u00eb nj\u00ebjt\u00ebn p\u00ebrqindje. Duke mbajtur raportin uj\u00eb \/ \u00e7imento konstante, betoni i prodhuar ruan cil\u00ebsin\u00eb e d\u00ebshiruar.<br \/>\n###<\/p>\n<p><strong>DOZIMI<\/strong><br \/>\nDozimi i lejuar: 0.2 \u2013 0.5% ne raport pesh\u00eb \u00e7imento<\/p>\n<p><strong>SH\u00cbNIME<\/strong><br \/>\n\u2022 RECRET B \u00ebsht\u00eb i p\u00ebrshtatsh\u00ebm p\u00ebr t\u00eb gjitha llojet e \u00e7imentos Portland.<br \/>\n\u2022 Mbidozimi mund t\u00eb shkaktoj\u00eb tharje t\u00eb p\u00ebrshpejtuar por nuk ndikon n\u00eb rezistencat finale t\u00eb betonit.<br \/>\n\u2022 N\u00ebqoftese materiali ngrin, kthejeni n\u00eb temperatur\u00eb +5oC dhe p\u00ebrzijeni deri sa t\u00eb homogjenizohet p\u00ebrs\u00ebri.<\/p>\n<p><strong>JET\u00cbGJAT\u00cbSIA DHE RUAJTJA<\/strong><br \/>\n12 muaj n\u00ebse ruhet n\u00eb paketim origjinal dhe t\u00eb pahapur n\u00eb temperatur\u00eb midis +5oC dhe +30oC. Materiali duhet t\u00eb jet\u00eb i mbrojtur nga rrezatimi i drejtp\u00ebrdrejt\u00eb i diellit dhe ngric\u00ebs.<\/p>\n<p><strong>PAKETIMI<\/strong><br \/>\nBidona plastik 5Kg \/ 20Kg \/ 100Kg<\/p>\n","protected":false},"excerpt":{"rendered":"<p>Vonues n\u00eb tharjen e betonit &#8211; Reduktues i sasis\u00eb s\u00eb ujit dhe plastifikues<\/p>\n","protected":false},"featured_media":24779,"comment_status":"closed","ping_status":"closed","template":"","meta":{"_glsr_average":0,"_glsr_ranking":0,"_glsr_reviews":0},"class_list":["post-24778","product","type-product","status-publish","has-post-thumbnail","hentry","product_cat-aditive","product_cat-aditive-per-beton"],"yoast_head":"<!-- This site is optimized with the Yoast SEO plugin v15.0 - https:\/\/yoast.com\/wordpress\/plugins\/seo\/ -->\n<title>RECRET B - P\u00ebrmir\u00ebson rrjedhshm\u00ebrin\u00eb e betonit - Deutsch Color<\/title>\n<meta name=\"description\" content=\"Parandalon duksh\u00ebm plasaritjet q\u00eb vijn\u00eb si pasoj\u00eb e tkurrjeve t\u00eb betonit. P\u00ebrmir\u00ebson rrjedhshm\u00ebrin\u00eb e betonit dhe ngadal\u00ebson tharjen.\" \/>\n<meta name=\"robots\" content=\"index, follow, max-snippet:-1, max-image-preview:large, max-video-preview:-1\" \/>\n<link rel=\"canonical\" href=\"https:\/\/deutschcolor.com\/al\/product\/recret-b\/\" \/>\n<meta property=\"og:locale\" content=\"en_US\" \/>\n<meta property=\"og:type\" content=\"article\" \/>\n<meta property=\"og:title\" content=\"RECRET B - P\u00ebrmir\u00ebson rrjedhshm\u00ebrin\u00eb e betonit - Deutsch Color\" \/>\n<meta property=\"og:description\" content=\"Parandalon duksh\u00ebm plasaritjet q\u00eb vijn\u00eb si pasoj\u00eb e tkurrjeve t\u00eb betonit. P\u00ebrmir\u00ebson rrjedhshm\u00ebrin\u00eb e betonit dhe ngadal\u00ebson tharjen.\" \/>\n<meta property=\"og:url\" content=\"https:\/\/deutschcolor.com\/al\/product\/recret-b\/\" \/>\n<meta property=\"og:site_name\" content=\"Deutschcolor\" \/>\n<meta property=\"article:publisher\" content=\"https:\/\/www.facebook.com\/deutschcolorofficial\" \/>\n<meta property=\"article:modified_time\" content=\"2025-03-13T11:55:12+00:00\" \/>\n<meta property=\"og:image\" content=\"https:\/\/deutschcolor.com\/al\/wp-content\/uploads\/2019\/12\/Recret-B-min.png\" \/>\n\t<meta property=\"og:image:width\" content=\"1000\" \/>\n\t<meta property=\"og:image:height\" content=\"1000\" \/>\n<meta name=\"twitter:card\" content=\"summary_large_image\" \/>\n<script type=\"application\/ld+json\" class=\"yoast-schema-graph\">{\"@context\":\"https:\/\/schema.org\",\"@graph\":[{\"@type\":\"WebSite\",\"@id\":\"https:\/\/deutschcolor.com\/al\/#website\",\"url\":\"https:\/\/deutschcolor.com\/al\/\",\"name\":\"Deutschcolor\",\"description\":\"Deutschcolor Albania\",\"potentialAction\":[{\"@type\":\"SearchAction\",\"target\":\"https:\/\/deutschcolor.com\/al\/?s={search_term_string}\",\"query-input\":\"required name=search_term_string\"}],\"inLanguage\":\"en-US\"},{\"@type\":\"ImageObject\",\"@id\":\"https:\/\/deutschcolor.com\/al\/product\/recret-b\/#primaryimage\",\"inLanguage\":\"en-US\",\"url\":\"https:\/\/deutschcolor.com\/al\/wp-content\/uploads\/2019\/12\/Recret-B-min.png\",\"width\":1000,\"height\":1000},{\"@type\":\"WebPage\",\"@id\":\"https:\/\/deutschcolor.com\/al\/product\/recret-b\/#webpage\",\"url\":\"https:\/\/deutschcolor.com\/al\/product\/recret-b\/\",\"name\":\"RECRET B - P\\u00ebrmir\\u00ebson rrjedhshm\\u00ebrin\\u00eb e betonit - Deutsch Color\",\"isPartOf\":{\"@id\":\"https:\/\/deutschcolor.com\/al\/#website\"},\"primaryImageOfPage\":{\"@id\":\"https:\/\/deutschcolor.com\/al\/product\/recret-b\/#primaryimage\"},\"datePublished\":\"2019-12-27T11:01:40+00:00\",\"dateModified\":\"2025-03-13T11:55:12+00:00\",\"description\":\"Parandalon duksh\\u00ebm plasaritjet q\\u00eb vijn\\u00eb si pasoj\\u00eb e tkurrjeve t\\u00eb betonit. P\\u00ebrmir\\u00ebson rrjedhshm\\u00ebrin\\u00eb e betonit dhe ngadal\\u00ebson tharjen.\",\"breadcrumb\":{\"@id\":\"https:\/\/deutschcolor.com\/al\/product\/recret-b\/#breadcrumb\"},\"inLanguage\":\"en-US\",\"potentialAction\":[{\"@type\":\"ReadAction\",\"target\":[\"https:\/\/deutschcolor.com\/al\/product\/recret-b\/\"]}]},{\"@type\":\"BreadcrumbList\",\"@id\":\"https:\/\/deutschcolor.com\/al\/product\/recret-b\/#breadcrumb\",\"itemListElement\":[{\"@type\":\"ListItem\",\"position\":1,\"item\":{\"@type\":\"WebPage\",\"@id\":\"https:\/\/deutschcolor.com\/al\/\",\"url\":\"https:\/\/deutschcolor.com\/al\/\",\"name\":\"Home\"}},{\"@type\":\"ListItem\",\"position\":2,\"item\":{\"@type\":\"WebPage\",\"@id\":\"https:\/\/deutschcolor.com\/al\/shop\/\",\"url\":\"https:\/\/deutschcolor.com\/al\/shop\/\",\"name\":\"SHOP\"}},{\"@type\":\"ListItem\",\"position\":3,\"item\":{\"@type\":\"WebPage\",\"@id\":\"https:\/\/deutschcolor.com\/al\/product-category\/aditive\/\",\"url\":\"https:\/\/deutschcolor.com\/al\/product-category\/aditive\/\",\"name\":\"Aditiv\\u00eb\"}},{\"@type\":\"ListItem\",\"position\":4,\"item\":{\"@type\":\"WebPage\",\"@id\":\"https:\/\/deutschcolor.com\/al\/product-category\/aditive\/aditive-per-beton\/\",\"url\":\"https:\/\/deutschcolor.com\/al\/product-category\/aditive\/aditive-per-beton\/\",\"name\":\"6.2. Aditiv\\u00eb p\\u00ebr beton\"}},{\"@type\":\"ListItem\",\"position\":5,\"item\":{\"@type\":\"WebPage\",\"@id\":\"https:\/\/deutschcolor.com\/al\/product\/recret-b\/\",\"url\":\"https:\/\/deutschcolor.com\/al\/product\/recret-b\/\",\"name\":\"RECRET B\"}}]}]}<\/script>\n<!-- \/ Yoast SEO plugin. -->","_links":{"self":[{"href":"https:\/\/deutschcolor.com\/al\/wp-json\/wp\/v2\/product\/24778","targetHints":{"allow":["GET"]}}],"collection":[{"href":"https:\/\/deutschcolor.com\/al\/wp-json\/wp\/v2\/product"}],"about":[{"href":"https:\/\/deutschcolor.com\/al\/wp-json\/wp\/v2\/types\/product"}],"replies":[{"embeddable":true,"href":"https:\/\/deutschcolor.com\/al\/wp-json\/wp\/v2\/comments?post=24778"}],"wp:featuredmedia":[{"embeddable":true,"href":"https:\/\/deutschcolor.com\/al\/wp-json\/wp\/v2\/media\/24779"}],"wp:attachment":[{"href":"https:\/\/deutschcolor.com\/al\/wp-json\/wp\/v2\/media?parent=24778"}],"curies":[{"name":"wp","href":"https:\/\/api.w.org\/{rel}","templated":true}]}}