{"id":24797,"date":"2019-12-27T12:32:04","date_gmt":"2019-12-27T12:32:04","guid":{"rendered":"https:\/\/deutschcolor.com\/al\/?post_type=product&#038;p=24797"},"modified":"2024-11-27T13:09:25","modified_gmt":"2024-11-27T13:09:25","slug":"thermo-spachtel","status":"publish","type":"product","link":"https:\/\/deutschcolor.com\/al\/product\/thermo-spachtel\/","title":{"rendered":"THERMO SPACHTEL"},"content":{"rendered":"<p>Karakteristikat<br \/>\n\u2022 Aplikim dhe zmerilim i leht\u00eb<br \/>\n\u2022 Efekt termik deri 35%<br \/>\n\u2022 Ngjyr\u00eb e bardh\u00eb<br \/>\n\u2022 Sip\u00ebrfaqe finale e l\u00ebmuar<br \/>\n\u2022 Reflektim i lart\u00eb i nxeht\u00ebsis\u00eb<br \/>\n\u2022 Q\u00ebndrueshm\u00ebri e mir\u00eb<br \/>\n\u2022 P\u00ebrmban mikrosfer\u00eb dhe aeroxhel<br \/>\n\u2022 Ngjitje e fort\u00eb<br \/>\n\u2022 Karakteristika t\u00eb mira mekanike<br \/>\n\u2022 Pa amoniak<br \/>\n###<br \/>\n<strong>KONSUMI <\/strong><br \/>\n2.5 \u2013 5Kg\/m2 varet nga madh\u00ebsia e gurit<\/p>\n<p><strong>PAKETIMI<\/strong><br \/>\nKova plastike 10kg<\/p>\n<p><strong>RUAJTJA<\/strong><br \/>\n24 muaj, ruajtur n\u00eb vende t\u00eb thata t\u00eb brendshme.<\/p>\n<p><strong>SH\u00cbNIME<\/strong><br \/>\n\u2022 N\u00eb sip\u00ebrfaqet e fresk\u00ebta t\u00eb betonit produkti rekomandohet t\u00eb aplikohet t\u00eb pakt\u00ebn pas 30-40 dit\u00ebsh.<br \/>\n\u2022 Rekomandohet t\u00eb shmangni aplikimin e produktit n\u00eb temperatura n\u00ebn 5\u00baC.<\/p>\n","protected":false},"excerpt":{"rendered":"<p>Stuko me baz\u00eb uji, akrilik-silikon, gati p\u00ebr p\u00ebrdorim, e p\u00ebrshtatshme p\u00ebr stukim n\u00eb zona t\u00eb brendshme.<\/p>\n","protected":false},"featured_media":24798,"comment_status":"closed","ping_status":"closed","template":"","meta":{"_glsr_average":0,"_glsr_ranking":0,"_glsr_reviews":0},"class_list":["post-24797","product","type-product","status-publish","has-post-thumbnail","hentry","product_cat-veshje-dekorative","product_cat-veshje-dekorative-veshje-dekorative"],"yoast_head":"<!-- This site is optimized with the Yoast SEO plugin v15.0 - https:\/\/yoast.com\/wordpress\/plugins\/seo\/ -->\n<title>THERMO SPACHTEL - Deutschcolor<\/title>\n<meta name=\"robots\" content=\"index, follow, max-snippet:-1, max-image-preview:large, max-video-preview:-1\" \/>\n<link rel=\"canonical\" href=\"https:\/\/deutschcolor.com\/al\/product\/thermo-spachtel\/\" \/>\n<meta property=\"og:locale\" content=\"en_US\" \/>\n<meta property=\"og:type\" content=\"article\" \/>\n<meta property=\"og:title\" content=\"THERMO SPACHTEL - Deutschcolor\" \/>\n<meta property=\"og:description\" content=\"Stuko me baz\u00eb uji, akrilik-silikon, gati p\u00ebr p\u00ebrdorim, e p\u00ebrshtatshme p\u00ebr stukim n\u00eb zona t\u00eb brendshme.\" \/>\n<meta property=\"og:url\" content=\"https:\/\/deutschcolor.com\/al\/product\/thermo-spachtel\/\" \/>\n<meta property=\"og:site_name\" content=\"Deutschcolor\" \/>\n<meta property=\"article:publisher\" content=\"https:\/\/www.facebook.com\/deutschcolorofficial\" \/>\n<meta property=\"article:modified_time\" content=\"2024-11-27T13:09:25+00:00\" \/>\n<meta property=\"og:image\" content=\"https:\/\/deutschcolor.com\/al\/wp-content\/uploads\/2019\/12\/Thermo-Spachtel-min.png\" \/>\n\t<meta property=\"og:image:width\" content=\"1000\" \/>\n\t<meta property=\"og:image:height\" content=\"1000\" \/>\n<meta name=\"twitter:card\" content=\"summary_large_image\" \/>\n<script type=\"application\/ld+json\" class=\"yoast-schema-graph\">{\"@context\":\"https:\/\/schema.org\",\"@graph\":[{\"@type\":\"WebSite\",\"@id\":\"https:\/\/deutschcolor.com\/al\/#website\",\"url\":\"https:\/\/deutschcolor.com\/al\/\",\"name\":\"Deutschcolor\",\"description\":\"Deutschcolor Albania\",\"potentialAction\":[{\"@type\":\"SearchAction\",\"target\":\"https:\/\/deutschcolor.com\/al\/?s={search_term_string}\",\"query-input\":\"required name=search_term_string\"}],\"inLanguage\":\"en-US\"},{\"@type\":\"ImageObject\",\"@id\":\"https:\/\/deutschcolor.com\/al\/product\/thermo-spachtel\/#primaryimage\",\"inLanguage\":\"en-US\",\"url\":\"https:\/\/deutschcolor.com\/al\/wp-content\/uploads\/2019\/12\/Thermo-Spachtel-min.png\",\"width\":1000,\"height\":1000,\"caption\":\"Bojra me cilesi te larte Thermo Spachtel cilesi e larte\"},{\"@type\":\"WebPage\",\"@id\":\"https:\/\/deutschcolor.com\/al\/product\/thermo-spachtel\/#webpage\",\"url\":\"https:\/\/deutschcolor.com\/al\/product\/thermo-spachtel\/\",\"name\":\"THERMO SPACHTEL - Deutschcolor\",\"isPartOf\":{\"@id\":\"https:\/\/deutschcolor.com\/al\/#website\"},\"primaryImageOfPage\":{\"@id\":\"https:\/\/deutschcolor.com\/al\/product\/thermo-spachtel\/#primaryimage\"},\"datePublished\":\"2019-12-27T12:32:04+00:00\",\"dateModified\":\"2024-11-27T13:09:25+00:00\",\"breadcrumb\":{\"@id\":\"https:\/\/deutschcolor.com\/al\/product\/thermo-spachtel\/#breadcrumb\"},\"inLanguage\":\"en-US\",\"potentialAction\":[{\"@type\":\"ReadAction\",\"target\":[\"https:\/\/deutschcolor.com\/al\/product\/thermo-spachtel\/\"]}]},{\"@type\":\"BreadcrumbList\",\"@id\":\"https:\/\/deutschcolor.com\/al\/product\/thermo-spachtel\/#breadcrumb\",\"itemListElement\":[{\"@type\":\"ListItem\",\"position\":1,\"item\":{\"@type\":\"WebPage\",\"@id\":\"https:\/\/deutschcolor.com\/al\/\",\"url\":\"https:\/\/deutschcolor.com\/al\/\",\"name\":\"Home\"}},{\"@type\":\"ListItem\",\"position\":2,\"item\":{\"@type\":\"WebPage\",\"@id\":\"https:\/\/deutschcolor.com\/al\/shop\/\",\"url\":\"https:\/\/deutschcolor.com\/al\/shop\/\",\"name\":\"SHOP\"}},{\"@type\":\"ListItem\",\"position\":3,\"item\":{\"@type\":\"WebPage\",\"@id\":\"https:\/\/deutschcolor.com\/al\/product-category\/veshje-dekorative\/\",\"url\":\"https:\/\/deutschcolor.com\/al\/product-category\/veshje-dekorative\/\",\"name\":\"Veshje Dekorative\"}},{\"@type\":\"ListItem\",\"position\":4,\"item\":{\"@type\":\"WebPage\",\"@id\":\"https:\/\/deutschcolor.com\/al\/product-category\/veshje-dekorative\/veshje-dekorative-veshje-dekorative\/\",\"url\":\"https:\/\/deutschcolor.com\/al\/product-category\/veshje-dekorative\/veshje-dekorative-veshje-dekorative\/\",\"name\":\"7.1. Veshje dekorative\"}},{\"@type\":\"ListItem\",\"position\":5,\"item\":{\"@type\":\"WebPage\",\"@id\":\"https:\/\/deutschcolor.com\/al\/product\/thermo-spachtel\/\",\"url\":\"https:\/\/deutschcolor.com\/al\/product\/thermo-spachtel\/\",\"name\":\"THERMO SPACHTEL\"}}]}]}<\/script>\n<!-- \/ Yoast SEO plugin. -->","_links":{"self":[{"href":"https:\/\/deutschcolor.com\/al\/wp-json\/wp\/v2\/product\/24797","targetHints":{"allow":["GET"]}}],"collection":[{"href":"https:\/\/deutschcolor.com\/al\/wp-json\/wp\/v2\/product"}],"about":[{"href":"https:\/\/deutschcolor.com\/al\/wp-json\/wp\/v2\/types\/product"}],"replies":[{"embeddable":true,"href":"https:\/\/deutschcolor.com\/al\/wp-json\/wp\/v2\/comments?post=24797"}],"wp:featuredmedia":[{"embeddable":true,"href":"https:\/\/deutschcolor.com\/al\/wp-json\/wp\/v2\/media\/24798"}],"wp:attachment":[{"href":"https:\/\/deutschcolor.com\/al\/wp-json\/wp\/v2\/media?parent=24797"}],"curies":[{"name":"wp","href":"https:\/\/api.w.org\/{rel}","templated":true}]}}