{"id":24116,"date":"2019-04-22T20:40:43","date_gmt":"2019-04-22T20:40:43","guid":{"rendered":"https:\/\/deutschcolor.com\/de\/?post_type=product&#038;p=24116"},"modified":"2020-01-06T11:18:34","modified_gmt":"2020-01-06T11:18:34","slug":"mobelol","status":"publish","type":"product","link":"https:\/\/deutschcolor.com\/de\/product\/mobelol\/","title":{"rendered":"M\u00f6bel\u00f6l"},"content":{"rendered":"<p><strong>Produkteigenschaften<\/strong><br \/>\n\u2022 Gegen Wasser<br \/>\n\u2022 Hebt die nat\u00fcrliche Farbe und Qualit\u00e4t des Holzes hervor<br \/>\n\u2022 Es dringt in das Holz ein, indem es die Poren f\u00fcllt, ohne eine Membran zu bilden<\/p>\n<p><strong>Anwendungsempfehlungen<\/strong><br \/>\nIdeal zum Pflegen und Erfrischen von Harth\u00f6lzern wie Teak, Mahagoni, Iroko sowie allen blanken H\u00f6lzern.<\/p>\n<p>###<\/p>\n<p><strong>Lagerung und Haltbarkeit<\/strong><br \/>\n36 Monate bei versiegelter Verpackung und unter normalen Bedingungen.<\/p>\n<p><strong>Hinweise<\/strong><br \/>\nEs wird empfohlen, die Anwendung des Produkts bei Temperaturen unter 5 \u00b0 C zu vermeiden.<\/p>\n<p><strong>Verpackung<\/strong><br \/>\n0,75 l Dosen.<\/p>\n","protected":false},"excerpt":{"rendered":"<p>Lassen Sie nat\u00fcrliches \u00d6l zum Schutz der Holzoberfl\u00e4chen einwirken, indem Sie die Innen- und Au\u00dfenfarben hervorheben<\/p>\n","protected":false},"featured_media":24466,"template":"","meta":{"om_disable_all_campaigns":false,"_monsterinsights_skip_tracking":false,"_monsterinsights_sitenote_active":false,"_monsterinsights_sitenote_note":"","_monsterinsights_sitenote_category":0},"class_list":["post-24116","product","type-product","status-publish","has-post-thumbnail","hentry","product_cat-products-suitable-for-wood","product_cat-paints-for-wood"],"aioseo_notices":[],"_links":{"self":[{"href":"https:\/\/deutschcolor.com\/de\/wp-json\/wp\/v2\/product\/24116","targetHints":{"allow":["GET"]}}],"collection":[{"href":"https:\/\/deutschcolor.com\/de\/wp-json\/wp\/v2\/product"}],"about":[{"href":"https:\/\/deutschcolor.com\/de\/wp-json\/wp\/v2\/types\/product"}],"wp:featuredmedia":[{"embeddable":true,"href":"https:\/\/deutschcolor.com\/de\/wp-json\/wp\/v2\/media\/24466"}],"wp:attachment":[{"href":"https:\/\/deutschcolor.com\/de\/wp-json\/wp\/v2\/media?parent=24116"}],"curies":[{"name":"wp","href":"https:\/\/api.w.org\/{rel}","templated":true}]}}