{"id":23928,"date":"2019-06-08T11:16:48","date_gmt":"2019-06-08T11:16:48","guid":{"rendered":"https:\/\/deutschcolor.com\/sr\/?post_type=product&#038;p=23928"},"modified":"2019-07-12T10:09:58","modified_gmt":"2019-07-12T10:09:58","slug":"mortel-m5","status":"publish","type":"product","link":"https:\/\/deutschcolor.com\/sr\/product\/mortel-m5\/","title":{"rendered":"M\u00d6RTEL M5"},"content":{"rendered":"<p><strong>Karakteristike<\/strong><br \/>\nMaterijal u obliku praha, na bazi cementa, kre\u010da, kamenog peska odabrane<br \/>\ngranulometrije, sinteti\u010dke smole i specijalnih aditiva.<br \/>\n\u2013 Karakteri\u0161e ga odli\u010dna obradivost.<br \/>\n\u2013 Visoka mehani\u010dka otpornost.<br \/>\n\u2013 Bez vertikalnog klizanja.<br \/>\n\u2013 Sposobnost lepljenja na zidove i plafone.<\/p>\n<p><strong>Podru\u010dje primene<\/strong><br \/>\nKoristi se kao primarni malter za svih vrsta podloga kao \u0161to su: zidovi od<br \/>\ncigle ili betonskog bloka i sl. Proizvod se nanosi ma\u0161inskim putem ili ru\u010dno.<br \/>\nTokom nano\u0161enja, temperatura podloge i vazduha treba da bude izme\u0111u<br \/>\n+5\u00b0C up to +35\u00b0C.<\/p>\n<p>###<\/p>\n<p><strong>Oja\u010davanje Latex-om<\/strong><br \/>\nKako bi se pobolj\u0161ala lepljivost, otpornost na vodu, savitljivost, fleksibilnost,<br \/>\nmehani\u010dka snaga i ostalo, malter se mo\u017ee oja\u010dati Latex aditivom. Odnos<br \/>\nme\u0161anja sa vodom je 1:5.<\/p>\n<p><strong>Potro\u0161nja<\/strong><br \/>\n1.5 kg\/m\u00b2 \/mm spessati<\/p>\n<p><strong>Pakovanje<\/strong><br \/>\nD\u017eak 25 kg<\/p>\n","protected":false},"excerpt":{"rendered":"<p>Osnovna ispuna za zidove od cigle i blok-zidove za<br \/>\nunutra\u0161nje i spoljanje prostorije.<\/p>\n","protected":false},"featured_media":24544,"template":"","meta":[],"_links":{"self":[{"href":"https:\/\/deutschcolor.com\/sr\/wp-json\/wp\/v2\/product\/23928"}],"collection":[{"href":"https:\/\/deutschcolor.com\/sr\/wp-json\/wp\/v2\/product"}],"about":[{"href":"https:\/\/deutschcolor.com\/sr\/wp-json\/wp\/v2\/types\/product"}],"wp:featuredmedia":[{"embeddable":true,"href":"https:\/\/deutschcolor.com\/sr\/wp-json\/wp\/v2\/media\/24544"}],"wp:attachment":[{"href":"https:\/\/deutschcolor.com\/sr\/wp-json\/wp\/v2\/media?parent=23928"}],"curies":[{"name":"wp","href":"https:\/\/api.w.org\/{rel}","templated":true}]}}